{"id":2005,"date":"2025-06-10T09:57:37","date_gmt":"2025-06-10T07:57:37","guid":{"rendered":"https:\/\/sarlflanquart-espacesverts.fr\/?page_id=2005"},"modified":"2025-07-21T11:43:41","modified_gmt":"2025-07-21T09:43:41","slug":"amenagement-exterieur","status":"publish","type":"page","link":"https:\/\/sarlflanquart-espacesverts.fr\/amenagement-exterieur\/","title":{"rendered":"Am\u00e9nagement ext\u00e9rieur"},"content":{"rendered":"\t\t<div data-elementor-type=\"wp-page\" data-elementor-id=\"2005\" class=\"elementor elementor-2005\" data-elementor-post-type=\"page\">\n\t\t\t\t\t\t<section class=\"elementor-section elementor-top-section elementor-element elementor-element-2338faa7 elementor-section-height-min-height elementor-section-stretched elementor-section-full_width elementor-section-height-default elementor-section-items-middle wpr-particle-no wpr-jarallax-no wpr-parallax-no wpr-sticky-section-no wpr-equal-height-no\" data-id=\"2338faa7\" data-element_type=\"section\" data-e-type=\"section\" data-settings=\"{&quot;stretch_section&quot;:&quot;section-stretched&quot;,&quot;background_background&quot;:&quot;classic&quot;}\">\n\t\t\t\t\t\t\t<div class=\"elementor-background-overlay\"><\/div>\n\t\t\t\t\t\t\t<div class=\"elementor-container elementor-column-gap-default\">\n\t\t\t\t\t<div class=\"elementor-column elementor-col-100 elementor-top-column elementor-element elementor-element-1b11a386\" data-id=\"1b11a386\" data-element_type=\"column\" data-e-type=\"column\">\n\t\t\t<div class=\"elementor-widget-wrap elementor-element-populated\">\n\t\t\t\t\t\t<div class=\"elementor-element elementor-element-7eb6a8de elementor-widget elementor-widget-heading\" data-id=\"7eb6a8de\" data-element_type=\"widget\" data-e-type=\"widget\" data-widget_type=\"heading.default\">\n\t\t\t\t<div class=\"elementor-widget-container\">\n\t\t\t\t\t<span class=\"elementor-heading-title elementor-size-default\"><a href=\"#\">Am\u00e9nagement ext\u00e9rieur<\/a><\/span>\t\t\t\t<\/div>\n\t\t\t\t<\/div>\n\t\t\t\t\t<\/div>\n\t\t<\/div>\n\t\t\t\t\t<\/div>\n\t\t<\/section>\n\t\t\t\t<section class=\"elementor-section elementor-top-section elementor-element elementor-element-370c258b elementor-section-content-middle elementor-section-stretched elementor-reverse-tablet elementor-reverse-mobile elementor-section-boxed elementor-section-height-default elementor-section-height-default wpr-particle-no wpr-jarallax-no wpr-parallax-no wpr-sticky-section-no wpr-equal-height-no\" data-id=\"370c258b\" data-element_type=\"section\" data-e-type=\"section\" data-settings=\"{&quot;stretch_section&quot;:&quot;section-stretched&quot;}\">\n\t\t\t\t\t\t<div class=\"elementor-container elementor-column-gap-default\">\n\t\t\t\t\t<div class=\"elementor-column elementor-col-100 elementor-top-column elementor-element elementor-element-40fe530a\" data-id=\"40fe530a\" data-element_type=\"column\" data-e-type=\"column\">\n\t\t\t<div class=\"elementor-widget-wrap elementor-element-populated\">\n\t\t\t\t\t\t<div class=\"elementor-element elementor-element-50f462b9 elementor-widget elementor-widget-image\" data-id=\"50f462b9\" data-element_type=\"widget\" data-e-type=\"widget\" data-widget_type=\"image.default\">\n\t\t\t\t<div class=\"elementor-widget-container\">\n\t\t\t\t\t\t\t\t\t\t\t\t\t\t\t<img fetchpriority=\"high\" decoding=\"async\" width=\"218\" height=\"241\" src=\"https:\/\/sarlflanquart-espacesverts.fr\/wp-content\/uploads\/2025\/06\/im.png\" class=\"attachment-large size-large wp-image-2067\" alt=\"Paysagiste \u00e0 Lens \u2013 Guillaume Flanquart | Flanquart SEV\" \/>\t\t\t\t\t\t\t\t\t\t\t\t\t\t\t<\/div>\n\t\t\t\t<\/div>\n\t\t\t\t<div class=\"elementor-element elementor-element-4171f11 animated-slow elementor-invisible elementor-widget elementor-widget-heading\" data-id=\"4171f11\" data-element_type=\"widget\" data-e-type=\"widget\" data-settings=\"{&quot;_animation&quot;:&quot;fadeInDown&quot;}\" data-widget_type=\"heading.default\">\n\t\t\t\t<div class=\"elementor-widget-container\">\n\t\t\t\t\t<h1 class=\"elementor-heading-title elementor-size-default\">Am\u00e9nagement ext\u00e9rieur sur mesure \u00e0 Lens \u2013 Flanquart Services Espaces Verts\n\n\n<\/h1>\t\t\t\t<\/div>\n\t\t\t\t<\/div>\n\t\t\t\t<div class=\"elementor-element elementor-element-cd82c21 elementor-widget-divider--view-line_icon elementor-view-default elementor-widget-divider--element-align-center elementor-widget elementor-widget-divider\" data-id=\"cd82c21\" data-element_type=\"widget\" data-e-type=\"widget\" data-widget_type=\"divider.default\">\n\t\t\t\t<div class=\"elementor-widget-container\">\n\t\t\t\t\t\t\t<div class=\"elementor-divider\">\n\t\t\t<span class=\"elementor-divider-separator\">\n\t\t\t\t\t\t\t<div class=\"elementor-icon elementor-divider__element\">\n\t\t\t\t\t<i aria-hidden=\"true\" class=\"fas fa-spa\"><\/i><\/div>\n\t\t\t\t\t\t<\/span>\n\t\t<\/div>\n\t\t\t\t\t\t<\/div>\n\t\t\t\t<\/div>\n\t\t\t\t<div class=\"elementor-element elementor-element-19131046 elementor-widget elementor-widget-text-editor\" data-id=\"19131046\" data-element_type=\"widget\" data-e-type=\"widget\" data-widget_type=\"text-editor.default\">\n\t\t\t\t<div class=\"elementor-widget-container\">\n\t\t\t\t\t\t\t\t\t<p>Cr\u00e9er un espace ext\u00e9rieur harmonieux, fonctionnel et adapt\u00e9 \u00e0 votre mode de vie, c\u2019est possible avec Flanquart Services Espaces Verts, sp\u00e9cialiste de l\u2019am\u00e9nagement ext\u00e9rieur \u00e0 Lens.<\/p><p>Gr\u00e2ce \u00e0 une expertise technique et une approche personnalis\u00e9e, nous concevons et r\u00e9alisons vos am\u00e9nagements ext\u00e9rieurs dans toute la r\u00e9gion, de Li\u00e9vin \u00e0 Olhain, en passant par Carency et Templeuve-en-P\u00e9v\u00e8le. Flanquart Services Espaces Verts votre paysagiste \u00e0 Lens et ses alentours, au service des particuliers comme des professionnels.<\/p>\t\t\t\t\t\t\t\t<\/div>\n\t\t\t\t<\/div>\n\t\t\t\t\t<\/div>\n\t\t<\/div>\n\t\t\t\t\t<\/div>\n\t\t<\/section>\n\t\t\t\t<section class=\"elementor-section elementor-top-section elementor-element elementor-element-4e98912d elementor-section-stretched elementor-section-content-middle elementor-section-boxed elementor-section-height-default elementor-section-height-default wpr-particle-no wpr-jarallax-no wpr-parallax-no wpr-sticky-section-no wpr-equal-height-no\" data-id=\"4e98912d\" data-element_type=\"section\" data-e-type=\"section\" data-settings=\"{&quot;stretch_section&quot;:&quot;section-stretched&quot;,&quot;background_background&quot;:&quot;classic&quot;}\">\n\t\t\t\t\t\t<div class=\"elementor-container elementor-column-gap-default\">\n\t\t\t\t\t<div class=\"elementor-column elementor-col-50 elementor-top-column elementor-element elementor-element-4c84f75f\" data-id=\"4c84f75f\" data-element_type=\"column\" data-e-type=\"column\">\n\t\t\t<div class=\"elementor-widget-wrap elementor-element-populated\">\n\t\t\t\t\t\t<div class=\"elementor-element elementor-element-11afbbc4 elementor-widget elementor-widget-image\" data-id=\"11afbbc4\" data-element_type=\"widget\" data-e-type=\"widget\" data-widget_type=\"image.default\">\n\t\t\t\t<div class=\"elementor-widget-container\">\n\t\t\t\t\t\t\t\t\t\t\t\t\t\t\t<img decoding=\"async\" width=\"700\" height=\"600\" src=\"https:\/\/sarlflanquart-espacesverts.fr\/wp-content\/uploads\/2025\/07\/IMG_8751-rotated-e1752759282370.jpg\" class=\"attachment-full size-full wp-image-2878\" alt=\"\" srcset=\"https:\/\/sarlflanquart-espacesverts.fr\/wp-content\/uploads\/2025\/07\/IMG_8751-rotated-e1752759282370.jpg 700w, https:\/\/sarlflanquart-espacesverts.fr\/wp-content\/uploads\/2025\/07\/IMG_8751-rotated-e1752759282370-300x257.jpg 300w\" sizes=\"(max-width: 700px) 100vw, 700px\" \/>\t\t\t\t\t\t\t\t\t\t\t\t\t\t\t<\/div>\n\t\t\t\t<\/div>\n\t\t\t\t\t<\/div>\n\t\t<\/div>\n\t\t\t\t<div class=\"elementor-column elementor-col-50 elementor-top-column elementor-element elementor-element-3f1b2e09\" data-id=\"3f1b2e09\" data-element_type=\"column\" data-e-type=\"column\">\n\t\t\t<div class=\"elementor-widget-wrap elementor-element-populated\">\n\t\t\t\t\t\t<div class=\"elementor-element elementor-element-4eae03f7 animated-slow elementor-invisible elementor-widget elementor-widget-heading\" data-id=\"4eae03f7\" data-element_type=\"widget\" data-e-type=\"widget\" data-settings=\"{&quot;_animation&quot;:&quot;fadeIn&quot;}\" data-widget_type=\"heading.default\">\n\t\t\t\t<div class=\"elementor-widget-container\">\n\t\t\t\t\t<div class=\"elementor-heading-title elementor-size-default\">Conception paysag\u00e8re et cr\u00e9ation d\u2019espaces personnalis\u00e9s<\/div>\t\t\t\t<\/div>\n\t\t\t\t<\/div>\n\t\t\t\t<div class=\"elementor-element elementor-element-2c70be23 elementor-widget elementor-widget-text-editor\" data-id=\"2c70be23\" data-element_type=\"widget\" data-e-type=\"widget\" data-widget_type=\"text-editor.default\">\n\t\t\t\t<div class=\"elementor-widget-container\">\n\t\t\t\t\t\t\t\t\t<p>Chaque projet d\u00e9bute par une \u00e9tude attentive de vos besoins et de votre terrain. Nous imaginons des am\u00e9nagements qui s\u2019int\u00e8grent naturellement \u00e0 votre environnement : all\u00e9es, terrasses, bordures, escaliers ext\u00e9rieurs ou zones de d\u00e9tente.<\/p><p>En tant que paysagiste pr\u00e8s de Saint-Pol-sur-Ternoise ou Anzin-Saint-Aubin, nous mettons notre cr\u00e9ativit\u00e9 et notre savoir-faire au service de votre projet. Nos solutions visent autant le confort que l\u2019esth\u00e9tique, avec un souci constant du d\u00e9tail.<\/p><p>Discutons ensemble de votre projet d\u2019am\u00e9nagement sur mesure.<\/p>\t\t\t\t\t\t\t\t<\/div>\n\t\t\t\t<\/div>\n\t\t\t\t\t<\/div>\n\t\t<\/div>\n\t\t\t\t\t<\/div>\n\t\t<\/section>\n\t\t\t\t<section class=\"elementor-section elementor-top-section elementor-element elementor-element-64d0b0f8 elementor-section-stretched elementor-reverse-tablet elementor-reverse-mobile elementor-section-content-middle elementor-section-boxed elementor-section-height-default elementor-section-height-default wpr-particle-no wpr-jarallax-no wpr-parallax-no wpr-sticky-section-no wpr-equal-height-no\" data-id=\"64d0b0f8\" data-element_type=\"section\" data-e-type=\"section\" data-settings=\"{&quot;stretch_section&quot;:&quot;section-stretched&quot;,&quot;background_background&quot;:&quot;classic&quot;}\">\n\t\t\t\t\t\t<div class=\"elementor-container elementor-column-gap-default\">\n\t\t\t\t\t<div class=\"elementor-column elementor-col-50 elementor-top-column elementor-element elementor-element-2454a86e\" data-id=\"2454a86e\" data-element_type=\"column\" data-e-type=\"column\">\n\t\t\t<div class=\"elementor-widget-wrap elementor-element-populated\">\n\t\t\t\t\t\t<div class=\"elementor-element elementor-element-7f2c68d0 animated-slow elementor-invisible elementor-widget elementor-widget-heading\" data-id=\"7f2c68d0\" data-element_type=\"widget\" data-e-type=\"widget\" data-settings=\"{&quot;_animation&quot;:&quot;fadeIn&quot;}\" data-widget_type=\"heading.default\">\n\t\t\t\t<div class=\"elementor-widget-container\">\n\t\t\t\t\t<div class=\"elementor-heading-title elementor-size-default\">Massifs v\u00e9g\u00e9taux et replantation d\u00e9corative<\/div>\t\t\t\t<\/div>\n\t\t\t\t<\/div>\n\t\t\t\t<div class=\"elementor-element elementor-element-3cc0cdd2 elementor-widget elementor-widget-text-editor\" data-id=\"3cc0cdd2\" data-element_type=\"widget\" data-e-type=\"widget\" data-widget_type=\"text-editor.default\">\n\t\t\t\t<div class=\"elementor-widget-container\">\n\t\t\t\t\t\t\t\t\t<p>Pour valoriser vos ext\u00e9rieurs, nous proposons la cr\u00e9ation de massifs paysagers avec des recouvrements adapt\u00e9s \u00e0 vos envies : v\u00e9g\u00e9tal naturel, paillage min\u00e9ral, ou m\u00e9lange des deux. Nos choix respectent l\u2019\u00e9quilibre de votre jardin tout en facilitant son entretien.<\/p><p>Pr\u00e9sents dans toute la r\u00e9gion, y compris \u00e0 H\u00e9nin-Beaumont, Neufch\u00e2tel-Hardelot ou Douai, nous transformons vos abords de maison en v\u00e9ritables tableaux vivants. Flanquart Services Espaces Verts est votre paysagiste \u00e0 Lens ses alentours, et nous vous accompagnons avec passion sur chaque recoin de votre terrain.<\/p><p>Prenez contact pour imaginer un massif qui vous ressemble.<\/p>\t\t\t\t\t\t\t\t<\/div>\n\t\t\t\t<\/div>\n\t\t\t\t\t<\/div>\n\t\t<\/div>\n\t\t\t\t<div class=\"elementor-column elementor-col-50 elementor-top-column elementor-element elementor-element-d1dc49f\" data-id=\"d1dc49f\" data-element_type=\"column\" data-e-type=\"column\">\n\t\t\t<div class=\"elementor-widget-wrap elementor-element-populated\">\n\t\t\t\t\t\t<div class=\"elementor-element elementor-element-4732941f elementor-widget elementor-widget-image\" data-id=\"4732941f\" data-element_type=\"widget\" data-e-type=\"widget\" data-widget_type=\"image.default\">\n\t\t\t\t<div class=\"elementor-widget-container\">\n\t\t\t\t\t\t\t\t\t\t\t\t\t\t\t<img decoding=\"async\" width=\"1536\" height=\"2048\" src=\"https:\/\/sarlflanquart-espacesverts.fr\/wp-content\/uploads\/2025\/07\/IMG_7920.jpeg\" class=\"attachment-full size-full wp-image-2713\" alt=\"\" srcset=\"https:\/\/sarlflanquart-espacesverts.fr\/wp-content\/uploads\/2025\/07\/IMG_7920.jpeg 1536w, https:\/\/sarlflanquart-espacesverts.fr\/wp-content\/uploads\/2025\/07\/IMG_7920-225x300.jpeg 225w, https:\/\/sarlflanquart-espacesverts.fr\/wp-content\/uploads\/2025\/07\/IMG_7920-768x1024.jpeg 768w, https:\/\/sarlflanquart-espacesverts.fr\/wp-content\/uploads\/2025\/07\/IMG_7920-1152x1536.jpeg 1152w, https:\/\/sarlflanquart-espacesverts.fr\/wp-content\/uploads\/2025\/07\/IMG_7920-1320x1760.jpeg 1320w\" sizes=\"(max-width: 1536px) 100vw, 1536px\" \/>\t\t\t\t\t\t\t\t\t\t\t\t\t\t\t<\/div>\n\t\t\t\t<\/div>\n\t\t\t\t\t<\/div>\n\t\t<\/div>\n\t\t\t\t\t<\/div>\n\t\t<\/section>\n\t\t\t\t<section class=\"elementor-section elementor-top-section elementor-element elementor-element-700dcaa3 elementor-section-stretched elementor-section-content-middle elementor-section-boxed elementor-section-height-default elementor-section-height-default wpr-particle-no wpr-jarallax-no wpr-parallax-no wpr-sticky-section-no wpr-equal-height-no\" data-id=\"700dcaa3\" data-element_type=\"section\" data-e-type=\"section\" data-settings=\"{&quot;stretch_section&quot;:&quot;section-stretched&quot;,&quot;background_background&quot;:&quot;classic&quot;}\">\n\t\t\t\t\t\t<div class=\"elementor-container elementor-column-gap-default\">\n\t\t\t\t\t<div class=\"elementor-column elementor-col-50 elementor-top-column elementor-element elementor-element-70bbb2c2\" data-id=\"70bbb2c2\" data-element_type=\"column\" data-e-type=\"column\">\n\t\t\t<div class=\"elementor-widget-wrap elementor-element-populated\">\n\t\t\t\t\t\t<div class=\"elementor-element elementor-element-102b5570 elementor-widget elementor-widget-image\" data-id=\"102b5570\" data-element_type=\"widget\" data-e-type=\"widget\" data-widget_type=\"image.default\">\n\t\t\t\t<div class=\"elementor-widget-container\">\n\t\t\t\t\t\t\t\t\t\t\t\t\t\t\t<img loading=\"lazy\" decoding=\"async\" width=\"700\" height=\"600\" src=\"https:\/\/sarlflanquart-espacesverts.fr\/wp-content\/uploads\/2025\/07\/IMG_8662-rotated-e1752762377129.jpg\" class=\"attachment-full size-full wp-image-2906\" alt=\"\" srcset=\"https:\/\/sarlflanquart-espacesverts.fr\/wp-content\/uploads\/2025\/07\/IMG_8662-rotated-e1752762377129.jpg 700w, https:\/\/sarlflanquart-espacesverts.fr\/wp-content\/uploads\/2025\/07\/IMG_8662-rotated-e1752762377129-300x257.jpg 300w\" sizes=\"(max-width: 700px) 100vw, 700px\" \/>\t\t\t\t\t\t\t\t\t\t\t\t\t\t\t<\/div>\n\t\t\t\t<\/div>\n\t\t\t\t\t<\/div>\n\t\t<\/div>\n\t\t\t\t<div class=\"elementor-column elementor-col-50 elementor-top-column elementor-element elementor-element-6858d555\" data-id=\"6858d555\" data-element_type=\"column\" data-e-type=\"column\">\n\t\t\t<div class=\"elementor-widget-wrap elementor-element-populated\">\n\t\t\t\t\t\t<div class=\"elementor-element elementor-element-53fa9951 animated-slow elementor-invisible elementor-widget elementor-widget-heading\" data-id=\"53fa9951\" data-element_type=\"widget\" data-e-type=\"widget\" data-settings=\"{&quot;_animation&quot;:&quot;fadeIn&quot;}\" data-widget_type=\"heading.default\">\n\t\t\t\t<div class=\"elementor-widget-container\">\n\t\t\t\t\t<div class=\"elementor-heading-title elementor-size-default\">Am\u00e9nagements ext\u00e9rieurs pour professionnels et collectivit\u00e9s<\/div>\t\t\t\t<\/div>\n\t\t\t\t<\/div>\n\t\t\t\t<div class=\"elementor-element elementor-element-29b133a6 elementor-widget elementor-widget-text-editor\" data-id=\"29b133a6\" data-element_type=\"widget\" data-e-type=\"widget\" data-widget_type=\"text-editor.default\">\n\t\t\t\t<div class=\"elementor-widget-container\">\n\t\t\t\t\t\t\t\t\t<p>Nous intervenons \u00e9galement aupr\u00e8s des professionnels, entreprises et collectivit\u00e9s souhaitant structurer ou embellir leurs espaces verts. Notre \u00e9quipe assure la r\u00e9alisation de zones de stationnement, la d\u00e9limitation de surfaces, ou encore l\u2019installation de mobilier ext\u00e9rieur, dans le respect des normes et de votre image.<\/p><p>Que vous soyez bas\u00e9 \u00e0 Templeuve-en-P\u00e9v\u00e8le, Carency ou Li\u00e9vin, nous proposons des solutions fonctionnelles, durables et esth\u00e9tiques.<\/p><p>Confiez-nous l\u2019am\u00e9nagement ext\u00e9rieur de votre \u00e9tablissement.<\/p>\t\t\t\t\t\t\t\t<\/div>\n\t\t\t\t<\/div>\n\t\t\t\t\t<\/div>\n\t\t<\/div>\n\t\t\t\t\t<\/div>\n\t\t<\/section>\n\t\t\t\t<section class=\"elementor-section elementor-top-section elementor-element elementor-element-72e9ae1d elementor-section-height-min-height elementor-section-stretched elementor-section-boxed elementor-section-height-default elementor-section-items-middle wpr-particle-no wpr-jarallax-no wpr-parallax-no wpr-sticky-section-no wpr-equal-height-no\" data-id=\"72e9ae1d\" data-element_type=\"section\" data-e-type=\"section\" data-settings=\"{&quot;stretch_section&quot;:&quot;section-stretched&quot;,&quot;background_background&quot;:&quot;classic&quot;}\">\n\t\t\t\t\t\t\t<div class=\"elementor-background-overlay\"><\/div>\n\t\t\t\t\t\t\t<div class=\"elementor-container elementor-column-gap-default\">\n\t\t\t\t\t<div class=\"elementor-column elementor-col-100 elementor-top-column elementor-element elementor-element-5c9f4be7\" data-id=\"5c9f4be7\" data-element_type=\"column\" data-e-type=\"column\">\n\t\t\t<div class=\"elementor-widget-wrap elementor-element-populated\">\n\t\t\t\t\t\t<div class=\"elementor-element elementor-element-23c56aeb elementor-invisible elementor-widget elementor-widget-heading\" data-id=\"23c56aeb\" data-element_type=\"widget\" data-e-type=\"widget\" data-settings=\"{&quot;_animation&quot;:&quot;fadeInUp&quot;}\" data-widget_type=\"heading.default\">\n\t\t\t\t<div class=\"elementor-widget-container\">\n\t\t\t\t\t<span class=\"elementor-heading-title elementor-size-default\">Contactez-nous<\/span>\t\t\t\t<\/div>\n\t\t\t\t<\/div>\n\t\t\t\t<div class=\"elementor-element elementor-element-cbba6f1 elementor-widget-divider--view-line elementor-widget elementor-widget-divider\" data-id=\"cbba6f1\" data-element_type=\"widget\" data-e-type=\"widget\" data-widget_type=\"divider.default\">\n\t\t\t\t<div class=\"elementor-widget-container\">\n\t\t\t\t\t\t\t<div class=\"elementor-divider\">\n\t\t\t<span class=\"elementor-divider-separator\">\n\t\t\t\t\t\t<\/span>\n\t\t<\/div>\n\t\t\t\t\t\t<\/div>\n\t\t\t\t<\/div>\n\t\t\t\t<div class=\"elementor-element elementor-element-5f117e4a elementor-widget elementor-widget-text-editor\" data-id=\"5f117e4a\" data-element_type=\"widget\" data-e-type=\"widget\" data-widget_type=\"text-editor.default\">\n\t\t\t\t<div class=\"elementor-widget-container\">\n\t\t\t\t\t\t\t\t\t<p>L\u2019am\u00e9nagement ext\u00e9rieur \u00e0 Lens m\u00e9rite l\u2019\u0153il expert d\u2019un professionnel \u00e0 l\u2019\u00e9coute de vos attentes. Avec Flanquart Services Espaces Verts, chaque espace devient une extension naturelle de votre lieu de vie ou de travail.<\/p><p>Contactez-nous au <strong><a href=\"tel:06784640717\">+33 7 84 64 07 17<\/a><\/strong> ou par mail \u00e0 <strong><a href=\"mailto:contact@sarlflanquart-espacesverts.fr\">contact@sarlflanquart-espacesverts.fr<\/a><\/strong> pour un devis personnalis\u00e9.<\/p>\t\t\t\t\t\t\t\t<\/div>\n\t\t\t\t<\/div>\n\t\t\t\t\t<\/div>\n\t\t<\/div>\n\t\t\t\t\t<\/div>\n\t\t<\/section>\n\t\t\t\t<\/div>\n\t\t","protected":false},"excerpt":{"rendered":"<p>Am\u00e9nagement ext\u00e9rieur Am\u00e9nagement ext\u00e9rieur sur mesure \u00e0 Lens \u2013 Flanquart Services Espaces Verts Cr\u00e9er un espace ext\u00e9rieur harmonieux, fonctionnel et adapt\u00e9 \u00e0 votre mode de vie, c\u2019est possible avec Flanquart Services Espaces Verts, sp\u00e9cialiste de l\u2019am\u00e9nagement ext\u00e9rieur \u00e0 Lens. Gr\u00e2ce \u00e0 une expertise technique et une approche personnalis\u00e9e, nous concevons<\/p>\n","protected":false},"author":38,"featured_media":0,"parent":0,"menu_order":0,"comment_status":"closed","ping_status":"closed","template":"","meta":{"footnotes":""},"class_list":["post-2005","page","type-page","status-publish","hentry"],"aioseo_notices":[],"_links":{"self":[{"href":"https:\/\/sarlflanquart-espacesverts.fr\/nov-apijson\/wp\/v2\/pages\/2005","targetHints":{"allow":["GET"]}}],"collection":[{"href":"https:\/\/sarlflanquart-espacesverts.fr\/nov-apijson\/wp\/v2\/pages"}],"about":[{"href":"https:\/\/sarlflanquart-espacesverts.fr\/nov-apijson\/wp\/v2\/types\/page"}],"author":[{"embeddable":true,"href":"https:\/\/sarlflanquart-espacesverts.fr\/nov-apijson\/wp\/v2\/users\/38"}],"replies":[{"embeddable":true,"href":"https:\/\/sarlflanquart-espacesverts.fr\/nov-apijson\/wp\/v2\/comments?post=2005"}],"version-history":[{"count":28,"href":"https:\/\/sarlflanquart-espacesverts.fr\/nov-apijson\/wp\/v2\/pages\/2005\/revisions"}],"predecessor-version":[{"id":2923,"href":"https:\/\/sarlflanquart-espacesverts.fr\/nov-apijson\/wp\/v2\/pages\/2005\/revisions\/2923"}],"wp:attachment":[{"href":"https:\/\/sarlflanquart-espacesverts.fr\/nov-apijson\/wp\/v2\/media?parent=2005"}],"curies":[{"name":"wp","href":"https:\/\/api.w.org\/{rel}","templated":true}]}}