{"id":2009,"date":"2025-06-10T10:04:37","date_gmt":"2025-06-10T08:04:37","guid":{"rendered":"https:\/\/sarlflanquart-espacesverts.fr\/?page_id=2009"},"modified":"2025-07-17T16:26:30","modified_gmt":"2025-07-17T14:26:30","slug":"abattage-darbres","status":"publish","type":"page","link":"https:\/\/sarlflanquart-espacesverts.fr\/abattage-darbres\/","title":{"rendered":"Abattage d&rsquo;arbres"},"content":{"rendered":"\t\t<div data-elementor-type=\"wp-page\" data-elementor-id=\"2009\" class=\"elementor elementor-2009\" data-elementor-post-type=\"page\">\n\t\t\t\t\t\t<section class=\"elementor-section elementor-top-section elementor-element elementor-element-6e589c40 elementor-section-height-min-height elementor-section-stretched elementor-section-full_width elementor-section-height-default elementor-section-items-middle wpr-particle-no wpr-jarallax-no wpr-parallax-no wpr-sticky-section-no wpr-equal-height-no\" data-id=\"6e589c40\" data-element_type=\"section\" data-e-type=\"section\" data-settings=\"{&quot;stretch_section&quot;:&quot;section-stretched&quot;,&quot;background_background&quot;:&quot;classic&quot;}\">\n\t\t\t\t\t\t\t<div class=\"elementor-background-overlay\"><\/div>\n\t\t\t\t\t\t\t<div class=\"elementor-container elementor-column-gap-default\">\n\t\t\t\t\t<div class=\"elementor-column elementor-col-100 elementor-top-column elementor-element elementor-element-51fd9b26\" data-id=\"51fd9b26\" data-element_type=\"column\" data-e-type=\"column\">\n\t\t\t<div class=\"elementor-widget-wrap elementor-element-populated\">\n\t\t\t\t\t\t<div class=\"elementor-element elementor-element-262057dc elementor-widget elementor-widget-heading\" data-id=\"262057dc\" data-element_type=\"widget\" data-e-type=\"widget\" data-widget_type=\"heading.default\">\n\t\t\t\t<div class=\"elementor-widget-container\">\n\t\t\t\t\t<span class=\"elementor-heading-title elementor-size-default\"><a href=\"#\">Abattage d\u2019arbres<\/a><\/span>\t\t\t\t<\/div>\n\t\t\t\t<\/div>\n\t\t\t\t\t<\/div>\n\t\t<\/div>\n\t\t\t\t\t<\/div>\n\t\t<\/section>\n\t\t\t\t<section class=\"elementor-section elementor-top-section elementor-element elementor-element-715a98c9 elementor-section-content-middle elementor-section-stretched elementor-reverse-tablet elementor-reverse-mobile elementor-section-boxed elementor-section-height-default elementor-section-height-default wpr-particle-no wpr-jarallax-no wpr-parallax-no wpr-sticky-section-no wpr-equal-height-no\" data-id=\"715a98c9\" data-element_type=\"section\" data-e-type=\"section\" data-settings=\"{&quot;stretch_section&quot;:&quot;section-stretched&quot;}\">\n\t\t\t\t\t\t<div class=\"elementor-container elementor-column-gap-default\">\n\t\t\t\t\t<div class=\"elementor-column elementor-col-100 elementor-top-column elementor-element elementor-element-42cc4f8d\" data-id=\"42cc4f8d\" data-element_type=\"column\" data-e-type=\"column\">\n\t\t\t<div class=\"elementor-widget-wrap elementor-element-populated\">\n\t\t\t\t\t\t<div class=\"elementor-element elementor-element-54da5ee7 elementor-widget elementor-widget-image\" data-id=\"54da5ee7\" data-element_type=\"widget\" data-e-type=\"widget\" data-widget_type=\"image.default\">\n\t\t\t\t<div class=\"elementor-widget-container\">\n\t\t\t\t\t\t\t\t\t\t\t\t\t\t\t<img fetchpriority=\"high\" decoding=\"async\" width=\"218\" height=\"241\" src=\"https:\/\/sarlflanquart-espacesverts.fr\/wp-content\/uploads\/2025\/06\/im.png\" class=\"attachment-large size-large wp-image-2067\" alt=\"Paysagiste \u00e0 Lens \u2013 Guillaume Flanquart | Flanquart SEV\" \/>\t\t\t\t\t\t\t\t\t\t\t\t\t\t\t<\/div>\n\t\t\t\t<\/div>\n\t\t\t\t<div class=\"elementor-element elementor-element-69a7df99 animated-slow elementor-invisible elementor-widget elementor-widget-heading\" data-id=\"69a7df99\" data-element_type=\"widget\" data-e-type=\"widget\" data-settings=\"{&quot;_animation&quot;:&quot;fadeInDown&quot;}\" data-widget_type=\"heading.default\">\n\t\t\t\t<div class=\"elementor-widget-container\">\n\t\t\t\t\t<h1 class=\"elementor-heading-title elementor-size-default\">Abattage d\u2019arbres \u00e0 Lens et alentours \u2013 Flanquart Services Espaces Verts\n\n\n<\/h1>\t\t\t\t<\/div>\n\t\t\t\t<\/div>\n\t\t\t\t<div class=\"elementor-element elementor-element-5bfe721f elementor-widget-divider--view-line_icon elementor-view-default elementor-widget-divider--element-align-center elementor-widget elementor-widget-divider\" data-id=\"5bfe721f\" data-element_type=\"widget\" data-e-type=\"widget\" data-widget_type=\"divider.default\">\n\t\t\t\t<div class=\"elementor-widget-container\">\n\t\t\t\t\t\t\t<div class=\"elementor-divider\">\n\t\t\t<span class=\"elementor-divider-separator\">\n\t\t\t\t\t\t\t<div class=\"elementor-icon elementor-divider__element\">\n\t\t\t\t\t<i aria-hidden=\"true\" class=\"fas fa-spa\"><\/i><\/div>\n\t\t\t\t\t\t<\/span>\n\t\t<\/div>\n\t\t\t\t\t\t<\/div>\n\t\t\t\t<\/div>\n\t\t\t\t<div class=\"elementor-element elementor-element-5137a45 elementor-widget elementor-widget-text-editor\" data-id=\"5137a45\" data-element_type=\"widget\" data-e-type=\"widget\" data-widget_type=\"text-editor.default\">\n\t\t\t\t<div class=\"elementor-widget-container\">\n\t\t\t\t\t\t\t\t\t<p>Un arbre devenu dangereux, trop imposant ou malade\u202f? Flanquart Services Espaces Verts propose un service d\u2019abattage d\u2019arbre \u00e0 Lens, rapide, s\u00e9curis\u00e9 et sur mesure. Nous intervenons dans toute la r\u00e9gion, de Li\u00e9vin \u00e0 Carency, en passant par Olhain ou Templeuve-en-P\u00e9v\u00e8le, pour les particuliers comme les professionnels.<\/p><p>Votre paysagiste \u00e0 Lens, c\u2019est Flanquart Services Espaces Verts, un expert attentif \u00e0 la s\u00e9curit\u00e9, \u00e0 l\u2019environnement et \u00e0 vos contraintes sp\u00e9cifiques.<\/p>\t\t\t\t\t\t\t\t<\/div>\n\t\t\t\t<\/div>\n\t\t\t\t\t<\/div>\n\t\t<\/div>\n\t\t\t\t\t<\/div>\n\t\t<\/section>\n\t\t\t\t<section class=\"elementor-section elementor-top-section elementor-element elementor-element-6f0b6fc5 elementor-section-stretched elementor-section-content-middle elementor-section-boxed elementor-section-height-default elementor-section-height-default wpr-particle-no wpr-jarallax-no wpr-parallax-no wpr-sticky-section-no wpr-equal-height-no\" data-id=\"6f0b6fc5\" data-element_type=\"section\" data-e-type=\"section\" data-settings=\"{&quot;stretch_section&quot;:&quot;section-stretched&quot;,&quot;background_background&quot;:&quot;classic&quot;}\">\n\t\t\t\t\t\t<div class=\"elementor-container elementor-column-gap-default\">\n\t\t\t\t\t<div class=\"elementor-column elementor-col-50 elementor-top-column elementor-element elementor-element-52b4c5ca\" data-id=\"52b4c5ca\" data-element_type=\"column\" data-e-type=\"column\">\n\t\t\t<div class=\"elementor-widget-wrap elementor-element-populated\">\n\t\t\t\t\t\t<div class=\"elementor-element elementor-element-6b202385 elementor-widget elementor-widget-image\" data-id=\"6b202385\" data-element_type=\"widget\" data-e-type=\"widget\" data-widget_type=\"image.default\">\n\t\t\t\t<div class=\"elementor-widget-container\">\n\t\t\t\t\t\t\t\t\t\t\t\t\t\t\t<img decoding=\"async\" width=\"700\" height=\"600\" src=\"https:\/\/sarlflanquart-espacesverts.fr\/wp-content\/uploads\/2025\/07\/IMG_8411-rotated-e1752762178305.jpg\" class=\"attachment-full size-full wp-image-2904\" alt=\"\" srcset=\"https:\/\/sarlflanquart-espacesverts.fr\/wp-content\/uploads\/2025\/07\/IMG_8411-rotated-e1752762178305.jpg 700w, https:\/\/sarlflanquart-espacesverts.fr\/wp-content\/uploads\/2025\/07\/IMG_8411-rotated-e1752762178305-300x257.jpg 300w\" sizes=\"(max-width: 700px) 100vw, 700px\" \/>\t\t\t\t\t\t\t\t\t\t\t\t\t\t\t<\/div>\n\t\t\t\t<\/div>\n\t\t\t\t\t<\/div>\n\t\t<\/div>\n\t\t\t\t<div class=\"elementor-column elementor-col-50 elementor-top-column elementor-element elementor-element-4566023c\" data-id=\"4566023c\" data-element_type=\"column\" data-e-type=\"column\">\n\t\t\t<div class=\"elementor-widget-wrap elementor-element-populated\">\n\t\t\t\t\t\t<div class=\"elementor-element elementor-element-4f50a1e8 animated-slow elementor-invisible elementor-widget elementor-widget-heading\" data-id=\"4f50a1e8\" data-element_type=\"widget\" data-e-type=\"widget\" data-settings=\"{&quot;_animation&quot;:&quot;fadeIn&quot;}\" data-widget_type=\"heading.default\">\n\t\t\t\t<div class=\"elementor-widget-container\">\n\t\t\t\t\t<div class=\"elementor-heading-title elementor-size-default\">Suppression d\u2019arbres \u00e0 risque : efficacit\u00e9 et s\u00e9curit\u00e9 assur\u00e9es<\/div>\t\t\t\t<\/div>\n\t\t\t\t<\/div>\n\t\t\t\t<div class=\"elementor-element elementor-element-41f4cbd2 elementor-widget elementor-widget-text-editor\" data-id=\"41f4cbd2\" data-element_type=\"widget\" data-e-type=\"widget\" data-widget_type=\"text-editor.default\">\n\t\t\t\t<div class=\"elementor-widget-container\">\n\t\t\t\t\t\t\t\t\t<p>Certains arbres deviennent instables ou mena\u00e7ants avec le temps. Pour \u00e9viter tout danger, nous assurons leur abattage dans les r\u00e8gles de l\u2019art, avec le mat\u00e9riel adapt\u00e9 fourni par BEGHIN Motoculture, Locatis Mat\u00e9riels ou Dupont Motoculture.<\/p><p>Chaque intervention est pr\u00e9c\u00e9d\u00e9e d\u2019une \u00e9valuation pr\u00e9cise, pour d\u00e9finir la meilleure m\u00e9thode selon la taille, l\u2019implantation et l\u2019environnement de l\u2019arbre. Nos clients de Douai, H\u00e9nin-Beaumont ou Saint-Pol-sur-Ternoise appr\u00e9cient notre efficacit\u00e9 et notre professionnalisme. Faites confiance \u00e0 Flanquart Services Espaces Verts, votre paysagiste \u00e0 Lens, reconnu pour son expertise et sa r\u00e9activit\u00e9 sur le terrain.<\/p><p>Demandez une intervention s\u00e9curis\u00e9e d\u00e8s maintenant.<\/p>\t\t\t\t\t\t\t\t<\/div>\n\t\t\t\t<\/div>\n\t\t\t\t\t<\/div>\n\t\t<\/div>\n\t\t\t\t\t<\/div>\n\t\t<\/section>\n\t\t\t\t<section class=\"elementor-section elementor-top-section elementor-element elementor-element-3f847cd0 elementor-section-stretched elementor-reverse-tablet elementor-reverse-mobile elementor-section-content-middle elementor-section-boxed elementor-section-height-default elementor-section-height-default wpr-particle-no wpr-jarallax-no wpr-parallax-no wpr-sticky-section-no wpr-equal-height-no\" data-id=\"3f847cd0\" data-element_type=\"section\" data-e-type=\"section\" data-settings=\"{&quot;stretch_section&quot;:&quot;section-stretched&quot;,&quot;background_background&quot;:&quot;classic&quot;}\">\n\t\t\t\t\t\t<div class=\"elementor-container elementor-column-gap-default\">\n\t\t\t\t\t<div class=\"elementor-column elementor-col-50 elementor-top-column elementor-element elementor-element-19ae05\" data-id=\"19ae05\" data-element_type=\"column\" data-e-type=\"column\">\n\t\t\t<div class=\"elementor-widget-wrap elementor-element-populated\">\n\t\t\t\t\t\t<div class=\"elementor-element elementor-element-376c6838 animated-slow elementor-invisible elementor-widget elementor-widget-heading\" data-id=\"376c6838\" data-element_type=\"widget\" data-e-type=\"widget\" data-settings=\"{&quot;_animation&quot;:&quot;fadeIn&quot;}\" data-widget_type=\"heading.default\">\n\t\t\t\t<div class=\"elementor-widget-container\">\n\t\t\t\t\t<div class=\"elementor-heading-title elementor-size-default\">Rognage de souche et nettoyage apr\u00e8s abattage<\/div>\t\t\t\t<\/div>\n\t\t\t\t<\/div>\n\t\t\t\t<div class=\"elementor-element elementor-element-25faf84c elementor-widget elementor-widget-text-editor\" data-id=\"25faf84c\" data-element_type=\"widget\" data-e-type=\"widget\" data-widget_type=\"text-editor.default\">\n\t\t\t\t<div class=\"elementor-widget-container\">\n\t\t\t\t\t\t\t\t\t<p>Apr\u00e8s l\u2019abattage, nous vous proposons un service complet de rognage de souche pour un terrain propre et exploitable imm\u00e9diatement. Cette op\u00e9ration permet d\u2019\u00e9liminer toute trace de l\u2019ancien arbre sans ab\u00eemer votre sol. Nous nous d\u00e9pla\u00e7ons notamment \u00e0 Neufch\u00e2tel-Hardelot, Anzin-Saint-Aubin ou Templeuve-en-P\u00e9v\u00e8le pour garantir un rendu impeccable.<\/p><p>Dans ces localit\u00e9s comme ailleurs, nombreux sont ceux qui font appel \u00e0 nos services d&rsquo;am\u00e9nagement paysager pr\u00e8s de Douai. Paysagiste \u00e0 Lens et ses environs : Flanquart Services Espaces Verts reste un interlocuteur de confiance, m\u00eame apr\u00e8s la coupe.<\/p><p>Prenez contact pour remettre votre terrain \u00e0 neuf.<\/p>\t\t\t\t\t\t\t\t<\/div>\n\t\t\t\t<\/div>\n\t\t\t\t\t<\/div>\n\t\t<\/div>\n\t\t\t\t<div class=\"elementor-column elementor-col-50 elementor-top-column elementor-element elementor-element-41b8ed27\" data-id=\"41b8ed27\" data-element_type=\"column\" data-e-type=\"column\">\n\t\t\t<div class=\"elementor-widget-wrap elementor-element-populated\">\n\t\t\t\t\t\t<div class=\"elementor-element elementor-element-b1c181b elementor-widget elementor-widget-image\" data-id=\"b1c181b\" data-element_type=\"widget\" data-e-type=\"widget\" data-widget_type=\"image.default\">\n\t\t\t\t<div class=\"elementor-widget-container\">\n\t\t\t\t\t\t\t\t\t\t\t\t\t\t\t<img decoding=\"async\" width=\"700\" height=\"500\" src=\"https:\/\/sarlflanquart-espacesverts.fr\/wp-content\/uploads\/2025\/07\/img-nv21.jpg\" class=\"attachment-full size-full wp-image-2708\" alt=\"\" srcset=\"https:\/\/sarlflanquart-espacesverts.fr\/wp-content\/uploads\/2025\/07\/img-nv21.jpg 700w, https:\/\/sarlflanquart-espacesverts.fr\/wp-content\/uploads\/2025\/07\/img-nv21-300x214.jpg 300w\" sizes=\"(max-width: 700px) 100vw, 700px\" \/>\t\t\t\t\t\t\t\t\t\t\t\t\t\t\t<\/div>\n\t\t\t\t<\/div>\n\t\t\t\t\t<\/div>\n\t\t<\/div>\n\t\t\t\t\t<\/div>\n\t\t<\/section>\n\t\t\t\t<section class=\"elementor-section elementor-top-section elementor-element elementor-element-be52fd6 elementor-section-stretched elementor-section-content-middle elementor-section-boxed elementor-section-height-default elementor-section-height-default wpr-particle-no wpr-jarallax-no wpr-parallax-no wpr-sticky-section-no wpr-equal-height-no\" data-id=\"be52fd6\" data-element_type=\"section\" data-e-type=\"section\" data-settings=\"{&quot;stretch_section&quot;:&quot;section-stretched&quot;,&quot;background_background&quot;:&quot;classic&quot;}\">\n\t\t\t\t\t\t<div class=\"elementor-container elementor-column-gap-default\">\n\t\t\t\t\t<div class=\"elementor-column elementor-col-50 elementor-top-column elementor-element elementor-element-51b255dd\" data-id=\"51b255dd\" data-element_type=\"column\" data-e-type=\"column\">\n\t\t\t<div class=\"elementor-widget-wrap elementor-element-populated\">\n\t\t\t\t\t\t<div class=\"elementor-element elementor-element-1a0f0371 elementor-widget elementor-widget-image\" data-id=\"1a0f0371\" data-element_type=\"widget\" data-e-type=\"widget\" data-widget_type=\"image.default\">\n\t\t\t\t<div class=\"elementor-widget-container\">\n\t\t\t\t\t\t\t\t\t\t\t\t\t\t\t<img loading=\"lazy\" decoding=\"async\" width=\"700\" height=\"600\" src=\"https:\/\/sarlflanquart-espacesverts.fr\/wp-content\/uploads\/2025\/07\/IMG_8662-rotated-e1752762377129.jpg\" class=\"attachment-full size-full wp-image-2906\" alt=\"\" srcset=\"https:\/\/sarlflanquart-espacesverts.fr\/wp-content\/uploads\/2025\/07\/IMG_8662-rotated-e1752762377129.jpg 700w, https:\/\/sarlflanquart-espacesverts.fr\/wp-content\/uploads\/2025\/07\/IMG_8662-rotated-e1752762377129-300x257.jpg 300w\" sizes=\"(max-width: 700px) 100vw, 700px\" \/>\t\t\t\t\t\t\t\t\t\t\t\t\t\t\t<\/div>\n\t\t\t\t<\/div>\n\t\t\t\t\t<\/div>\n\t\t<\/div>\n\t\t\t\t<div class=\"elementor-column elementor-col-50 elementor-top-column elementor-element elementor-element-547e030e\" data-id=\"547e030e\" data-element_type=\"column\" data-e-type=\"column\">\n\t\t\t<div class=\"elementor-widget-wrap elementor-element-populated\">\n\t\t\t\t\t\t<div class=\"elementor-element elementor-element-a89aca6 animated-slow elementor-invisible elementor-widget elementor-widget-heading\" data-id=\"a89aca6\" data-element_type=\"widget\" data-e-type=\"widget\" data-settings=\"{&quot;_animation&quot;:&quot;fadeIn&quot;}\" data-widget_type=\"heading.default\">\n\t\t\t\t<div class=\"elementor-widget-container\">\n\t\t\t\t\t<div class=\"elementor-heading-title elementor-size-default\">Abattage de haies et remise en \u00e9tat des abords<\/div>\t\t\t\t<\/div>\n\t\t\t\t<\/div>\n\t\t\t\t<div class=\"elementor-element elementor-element-541b71fd elementor-widget elementor-widget-text-editor\" data-id=\"541b71fd\" data-element_type=\"widget\" data-e-type=\"widget\" data-widget_type=\"text-editor.default\">\n\t\t\t\t<div class=\"elementor-widget-container\">\n\t\t\t\t\t\t\t\t\t<p>Outre les arbres, nous assurons \u00e9galement l\u2019abattage de haies trop denses ou devenues encombrantes. Nous intervenons dans le respect de votre terrain et de vos attentes, avec une finition propre et soign\u00e9e.<\/p><p>Nos services s\u2019adressent aussi bien aux jardins priv\u00e9s qu\u2019aux professionnels ou collectivit\u00e9s \u00e0 Li\u00e9vin, Carency ou Olhain.<\/p><p>Contactez-nous pour redonner clart\u00e9 et \u00e9quilibre \u00e0 vos espaces ext\u00e9rieurs.<\/p>\t\t\t\t\t\t\t\t<\/div>\n\t\t\t\t<\/div>\n\t\t\t\t\t<\/div>\n\t\t<\/div>\n\t\t\t\t\t<\/div>\n\t\t<\/section>\n\t\t\t\t<section class=\"elementor-section elementor-top-section elementor-element elementor-element-38741e60 elementor-section-height-min-height elementor-section-stretched elementor-section-boxed elementor-section-height-default elementor-section-items-middle wpr-particle-no wpr-jarallax-no wpr-parallax-no wpr-sticky-section-no wpr-equal-height-no\" data-id=\"38741e60\" data-element_type=\"section\" data-e-type=\"section\" data-settings=\"{&quot;stretch_section&quot;:&quot;section-stretched&quot;,&quot;background_background&quot;:&quot;classic&quot;}\">\n\t\t\t\t\t\t\t<div class=\"elementor-background-overlay\"><\/div>\n\t\t\t\t\t\t\t<div class=\"elementor-container elementor-column-gap-default\">\n\t\t\t\t\t<div class=\"elementor-column elementor-col-100 elementor-top-column elementor-element elementor-element-e5a22c5\" data-id=\"e5a22c5\" data-element_type=\"column\" data-e-type=\"column\">\n\t\t\t<div class=\"elementor-widget-wrap elementor-element-populated\">\n\t\t\t\t\t\t<div class=\"elementor-element elementor-element-6bb52005 elementor-invisible elementor-widget elementor-widget-heading\" data-id=\"6bb52005\" data-element_type=\"widget\" data-e-type=\"widget\" data-settings=\"{&quot;_animation&quot;:&quot;fadeInUp&quot;}\" data-widget_type=\"heading.default\">\n\t\t\t\t<div class=\"elementor-widget-container\">\n\t\t\t\t\t<span class=\"elementor-heading-title elementor-size-default\">Contactez-nous<\/span>\t\t\t\t<\/div>\n\t\t\t\t<\/div>\n\t\t\t\t<div class=\"elementor-element elementor-element-4137249a elementor-widget-divider--view-line elementor-widget elementor-widget-divider\" data-id=\"4137249a\" data-element_type=\"widget\" data-e-type=\"widget\" data-widget_type=\"divider.default\">\n\t\t\t\t<div class=\"elementor-widget-container\">\n\t\t\t\t\t\t\t<div class=\"elementor-divider\">\n\t\t\t<span class=\"elementor-divider-separator\">\n\t\t\t\t\t\t<\/span>\n\t\t<\/div>\n\t\t\t\t\t\t<\/div>\n\t\t\t\t<\/div>\n\t\t\t\t<div class=\"elementor-element elementor-element-5007e1b4 elementor-widget elementor-widget-text-editor\" data-id=\"5007e1b4\" data-element_type=\"widget\" data-e-type=\"widget\" data-widget_type=\"text-editor.default\">\n\t\t\t\t<div class=\"elementor-widget-container\">\n\t\t\t\t\t\t\t\t\t<p>Vous recherchez un professionnel de confiance pour l\u2019abattage d\u2019arbre \u00e0 Lens ? Faites appel \u00e0 Flanquart Services Espaces Verts, r\u00e9actif et exp\u00e9riment\u00e9.<\/p><p>Appelez au <strong><a href=\"tel:06784640717\">+33 7 84 64 07 17<\/a><\/strong> ou \u00e9crivez \u00e0 <strong><a href=\"mailto:contact@sarlflanquart-espacesverts.fr\">contact@sarlflanquart-espacesverts.fr<\/a><\/strong> pour un devis rapide et gratuit.<\/p>\t\t\t\t\t\t\t\t<\/div>\n\t\t\t\t<\/div>\n\t\t\t\t\t<\/div>\n\t\t<\/div>\n\t\t\t\t\t<\/div>\n\t\t<\/section>\n\t\t\t\t<\/div>\n\t\t","protected":false},"excerpt":{"rendered":"<p>Abattage d\u2019arbres Abattage d\u2019arbres \u00e0 Lens et alentours \u2013 Flanquart Services Espaces Verts Un arbre devenu dangereux, trop imposant ou malade\u202f? Flanquart Services Espaces Verts propose un service d\u2019abattage d\u2019arbre \u00e0 Lens, rapide, s\u00e9curis\u00e9 et sur mesure. Nous intervenons dans toute la r\u00e9gion, de Li\u00e9vin \u00e0 Carency, en passant par<\/p>\n","protected":false},"author":38,"featured_media":0,"parent":0,"menu_order":0,"comment_status":"closed","ping_status":"closed","template":"","meta":{"footnotes":""},"class_list":["post-2009","page","type-page","status-publish","hentry"],"aioseo_notices":[],"_links":{"self":[{"href":"https:\/\/sarlflanquart-espacesverts.fr\/nov-apijson\/wp\/v2\/pages\/2009","targetHints":{"allow":["GET"]}}],"collection":[{"href":"https:\/\/sarlflanquart-espacesverts.fr\/nov-apijson\/wp\/v2\/pages"}],"about":[{"href":"https:\/\/sarlflanquart-espacesverts.fr\/nov-apijson\/wp\/v2\/types\/page"}],"author":[{"embeddable":true,"href":"https:\/\/sarlflanquart-espacesverts.fr\/nov-apijson\/wp\/v2\/users\/38"}],"replies":[{"embeddable":true,"href":"https:\/\/sarlflanquart-espacesverts.fr\/nov-apijson\/wp\/v2\/comments?post=2009"}],"version-history":[{"count":28,"href":"https:\/\/sarlflanquart-espacesverts.fr\/nov-apijson\/wp\/v2\/pages\/2009\/revisions"}],"predecessor-version":[{"id":2909,"href":"https:\/\/sarlflanquart-espacesverts.fr\/nov-apijson\/wp\/v2\/pages\/2009\/revisions\/2909"}],"wp:attachment":[{"href":"https:\/\/sarlflanquart-espacesverts.fr\/nov-apijson\/wp\/v2\/media?parent=2009"}],"curies":[{"name":"wp","href":"https:\/\/api.w.org\/{rel}","templated":true}]}}