{"id":2285,"date":"2025-06-10T16:44:34","date_gmt":"2025-06-10T14:44:34","guid":{"rendered":"https:\/\/sarlflanquart-espacesverts.fr\/?page_id=2285"},"modified":"2025-07-09T16:37:10","modified_gmt":"2025-07-09T14:37:10","slug":"paysagiste-lens","status":"publish","type":"page","link":"https:\/\/sarlflanquart-espacesverts.fr\/zones-dintervention\/paysagiste-lens\/","title":{"rendered":"Paysagiste \u00e0 Lens"},"content":{"rendered":"\t\t<div data-elementor-type=\"wp-page\" data-elementor-id=\"2285\" class=\"elementor elementor-2285\" data-elementor-post-type=\"page\">\n\t\t\t\t\t\t<section class=\"elementor-section elementor-top-section elementor-element elementor-element-585b8a97 elementor-section-height-min-height elementor-section-stretched elementor-section-full_width elementor-section-height-default elementor-section-items-middle wpr-particle-no wpr-jarallax-no wpr-parallax-no wpr-sticky-section-no wpr-equal-height-no\" data-id=\"585b8a97\" data-element_type=\"section\" data-e-type=\"section\" data-settings=\"{&quot;stretch_section&quot;:&quot;section-stretched&quot;,&quot;background_background&quot;:&quot;classic&quot;}\">\n\t\t\t\t\t\t\t<div class=\"elementor-background-overlay\"><\/div>\n\t\t\t\t\t\t\t<div class=\"elementor-container elementor-column-gap-default\">\n\t\t\t\t\t<div class=\"elementor-column elementor-col-100 elementor-top-column elementor-element elementor-element-179b13d4\" data-id=\"179b13d4\" data-element_type=\"column\" data-e-type=\"column\">\n\t\t\t<div class=\"elementor-widget-wrap elementor-element-populated\">\n\t\t\t\t\t\t<div class=\"elementor-element elementor-element-58f6dba6 elementor-widget elementor-widget-heading\" data-id=\"58f6dba6\" data-element_type=\"widget\" data-e-type=\"widget\" data-widget_type=\"heading.default\">\n\t\t\t\t<div class=\"elementor-widget-container\">\n\t\t\t\t\t<span class=\"elementor-heading-title elementor-size-default\"><a href=\"#\">Paysagiste \u00e0 Lens<\/a><\/span>\t\t\t\t<\/div>\n\t\t\t\t<\/div>\n\t\t\t\t\t<\/div>\n\t\t<\/div>\n\t\t\t\t\t<\/div>\n\t\t<\/section>\n\t\t\t\t<section class=\"elementor-section elementor-top-section elementor-element elementor-element-5d54c911 elementor-section-content-middle elementor-section-stretched elementor-reverse-tablet elementor-reverse-mobile elementor-section-boxed elementor-section-height-default elementor-section-height-default wpr-particle-no wpr-jarallax-no wpr-parallax-no wpr-sticky-section-no wpr-equal-height-no\" data-id=\"5d54c911\" data-element_type=\"section\" data-e-type=\"section\" data-settings=\"{&quot;stretch_section&quot;:&quot;section-stretched&quot;}\">\n\t\t\t\t\t\t<div class=\"elementor-container elementor-column-gap-default\">\n\t\t\t\t\t<div class=\"elementor-column elementor-col-100 elementor-top-column elementor-element elementor-element-159c3af8\" data-id=\"159c3af8\" data-element_type=\"column\" data-e-type=\"column\">\n\t\t\t<div class=\"elementor-widget-wrap elementor-element-populated\">\n\t\t\t\t\t\t<div class=\"elementor-element elementor-element-2619a860 elementor-widget elementor-widget-image\" data-id=\"2619a860\" data-element_type=\"widget\" data-e-type=\"widget\" data-widget_type=\"image.default\">\n\t\t\t\t<div class=\"elementor-widget-container\">\n\t\t\t\t\t\t\t\t\t\t\t\t\t\t\t<img fetchpriority=\"high\" decoding=\"async\" width=\"218\" height=\"241\" src=\"https:\/\/sarlflanquart-espacesverts.fr\/wp-content\/uploads\/2025\/06\/im.png\" class=\"attachment-large size-large wp-image-2067\" alt=\"Paysagiste \u00e0 Lens \u2013 Guillaume Flanquart | Flanquart SEV\" \/>\t\t\t\t\t\t\t\t\t\t\t\t\t\t\t<\/div>\n\t\t\t\t<\/div>\n\t\t\t\t<div class=\"elementor-element elementor-element-7a061d12 animated-slow elementor-invisible elementor-widget elementor-widget-heading\" data-id=\"7a061d12\" data-element_type=\"widget\" data-e-type=\"widget\" data-settings=\"{&quot;_animation&quot;:&quot;fadeInDown&quot;}\" data-widget_type=\"heading.default\">\n\t\t\t\t<div class=\"elementor-widget-container\">\n\t\t\t\t\t<h1 class=\"elementor-heading-title elementor-size-default\">Paysagiste \u00e0 Lens : Entretien Professionnel de Jardin et Am\u00e9nagement Ext\u00e9rieur\n\n<\/h1>\t\t\t\t<\/div>\n\t\t\t\t<\/div>\n\t\t\t\t<div class=\"elementor-element elementor-element-101a4b86 elementor-widget-divider--view-line_icon elementor-view-default elementor-widget-divider--element-align-center elementor-widget elementor-widget-divider\" data-id=\"101a4b86\" data-element_type=\"widget\" data-e-type=\"widget\" data-widget_type=\"divider.default\">\n\t\t\t\t<div class=\"elementor-widget-container\">\n\t\t\t\t\t\t\t<div class=\"elementor-divider\">\n\t\t\t<span class=\"elementor-divider-separator\">\n\t\t\t\t\t\t\t<div class=\"elementor-icon elementor-divider__element\">\n\t\t\t\t\t<i aria-hidden=\"true\" class=\"fas fa-spa\"><\/i><\/div>\n\t\t\t\t\t\t<\/span>\n\t\t<\/div>\n\t\t\t\t\t\t<\/div>\n\t\t\t\t<\/div>\n\t\t\t\t<div class=\"elementor-element elementor-element-1f08031f elementor-widget elementor-widget-text-editor\" data-id=\"1f08031f\" data-element_type=\"widget\" data-e-type=\"widget\" data-widget_type=\"text-editor.default\">\n\t\t\t\t<div class=\"elementor-widget-container\">\n\t\t\t\t\t\t\t\t\t<p>Flanquart Services Espaces Verts, paysagiste expert \u00e0 Lens, intervient pour l\u2019entretien de jardin, l\u2019abattage d\u2019arbre, l\u2019am\u00e9nagement ext\u00e9rieur et la pose de gazon en rouleau dans tout le bassin lensois, y compris \u00e0 Loison-sous-Lens, \u00c9leu-dit-Leauwette et Sallaumines. Notre \u00e9quipe certifi\u00e9e combine savoir-faire technique et \u00e9coute client pour transformer vos espaces verts en havres de tranquillit\u00e9.<\/p>\t\t\t\t\t\t\t\t<\/div>\n\t\t\t\t<\/div>\n\t\t\t\t\t<\/div>\n\t\t<\/div>\n\t\t\t\t\t<\/div>\n\t\t<\/section>\n\t\t\t\t<section class=\"elementor-section elementor-top-section elementor-element elementor-element-3114f162 elementor-section-stretched elementor-section-content-middle elementor-section-boxed elementor-section-height-default elementor-section-height-default wpr-particle-no wpr-jarallax-no wpr-parallax-no wpr-sticky-section-no wpr-equal-height-no\" data-id=\"3114f162\" data-element_type=\"section\" data-e-type=\"section\" data-settings=\"{&quot;stretch_section&quot;:&quot;section-stretched&quot;,&quot;background_background&quot;:&quot;classic&quot;}\">\n\t\t\t\t\t\t<div class=\"elementor-container elementor-column-gap-default\">\n\t\t\t\t\t<div class=\"elementor-column elementor-col-50 elementor-top-column elementor-element elementor-element-644e6dab\" data-id=\"644e6dab\" data-element_type=\"column\" data-e-type=\"column\">\n\t\t\t<div class=\"elementor-widget-wrap elementor-element-populated\">\n\t\t\t\t\t\t<div class=\"elementor-element elementor-element-4ea3568a elementor-widget elementor-widget-image\" data-id=\"4ea3568a\" data-element_type=\"widget\" data-e-type=\"widget\" data-widget_type=\"image.default\">\n\t\t\t\t<div class=\"elementor-widget-container\">\n\t\t\t\t\t\t\t\t\t\t\t\t\t\t\t<img decoding=\"async\" width=\"700\" height=\"500\" src=\"https:\/\/sarlflanquart-espacesverts.fr\/wp-content\/uploads\/2025\/07\/img-zone1.jpg\" class=\"attachment-full size-full wp-image-2750\" alt=\"\" srcset=\"https:\/\/sarlflanquart-espacesverts.fr\/wp-content\/uploads\/2025\/07\/img-zone1.jpg 700w, https:\/\/sarlflanquart-espacesverts.fr\/wp-content\/uploads\/2025\/07\/img-zone1-300x214.jpg 300w\" sizes=\"(max-width: 700px) 100vw, 700px\" \/>\t\t\t\t\t\t\t\t\t\t\t\t\t\t\t<\/div>\n\t\t\t\t<\/div>\n\t\t\t\t\t<\/div>\n\t\t<\/div>\n\t\t\t\t<div class=\"elementor-column elementor-col-50 elementor-top-column elementor-element elementor-element-405ce79a\" data-id=\"405ce79a\" data-element_type=\"column\" data-e-type=\"column\">\n\t\t\t<div class=\"elementor-widget-wrap elementor-element-populated\">\n\t\t\t\t\t\t<div class=\"elementor-element elementor-element-3e0794d9 animated-slow elementor-invisible elementor-widget elementor-widget-heading\" data-id=\"3e0794d9\" data-element_type=\"widget\" data-e-type=\"widget\" data-settings=\"{&quot;_animation&quot;:&quot;fadeIn&quot;}\" data-widget_type=\"heading.default\">\n\t\t\t\t<div class=\"elementor-widget-container\">\n\t\t\t\t\t<div class=\"elementor-heading-title elementor-size-default\">Entretien complet de jardin \u00e0 Lens et ses environs<\/div>\t\t\t\t<\/div>\n\t\t\t\t<\/div>\n\t\t\t\t<div class=\"elementor-element elementor-element-70faa137 elementor-widget elementor-widget-text-editor\" data-id=\"70faa137\" data-element_type=\"widget\" data-e-type=\"widget\" data-widget_type=\"text-editor.default\">\n\t\t\t\t<div class=\"elementor-widget-container\">\n\t\t\t\t\t\t\t\t\t<p>L\u2019entretien de jardin r\u00e9gulier est essentiel pour pr\u00e9server la sant\u00e9 des v\u00e9g\u00e9taux et la valeur esth\u00e9tique de votre propri\u00e9t\u00e9. \u00c0 Lens, nous proposons des forfaits annuels incluant tonte de pelouse, taille de haies, d\u00e9sherbage et gestion des d\u00e9chets verts.<\/p><p>Nos interventions couvrent \u00e9galement le d\u00e9broussaillage des terrains enclav\u00e9s et le ramassage des feuilles mortes, garantissant un espace net en toutes saisons. Nous adaptons nos services aux sp\u00e9cificit\u00e9s locales, comme les sols argileux du bassin minier, en utilisant des \u00e9quipements adapt\u00e9s pour \u00e9viter le tassement des sols.<\/p>\t\t\t\t\t\t\t\t<\/div>\n\t\t\t\t<\/div>\n\t\t\t\t\t<\/div>\n\t\t<\/div>\n\t\t\t\t\t<\/div>\n\t\t<\/section>\n\t\t\t\t<section class=\"elementor-section elementor-top-section elementor-element elementor-element-37906a3e elementor-section-stretched elementor-reverse-tablet elementor-reverse-mobile elementor-section-content-middle elementor-section-boxed elementor-section-height-default elementor-section-height-default wpr-particle-no wpr-jarallax-no wpr-parallax-no wpr-sticky-section-no wpr-equal-height-no\" data-id=\"37906a3e\" data-element_type=\"section\" data-e-type=\"section\" data-settings=\"{&quot;stretch_section&quot;:&quot;section-stretched&quot;,&quot;background_background&quot;:&quot;classic&quot;}\">\n\t\t\t\t\t\t<div class=\"elementor-container elementor-column-gap-default\">\n\t\t\t\t\t<div class=\"elementor-column elementor-col-50 elementor-top-column elementor-element elementor-element-4b0caec2\" data-id=\"4b0caec2\" data-element_type=\"column\" data-e-type=\"column\">\n\t\t\t<div class=\"elementor-widget-wrap elementor-element-populated\">\n\t\t\t\t\t\t<div class=\"elementor-element elementor-element-45ca846f animated-slow elementor-invisible elementor-widget elementor-widget-heading\" data-id=\"45ca846f\" data-element_type=\"widget\" data-e-type=\"widget\" data-settings=\"{&quot;_animation&quot;:&quot;fadeIn&quot;}\" data-widget_type=\"heading.default\">\n\t\t\t\t<div class=\"elementor-widget-container\">\n\t\t\t\t\t<div class=\"elementor-heading-title elementor-size-default\">Abattage d\u2019arbres s\u00e9curis\u00e9<\/div>\t\t\t\t<\/div>\n\t\t\t\t<\/div>\n\t\t\t\t<div class=\"elementor-element elementor-element-4b8b1ff2 elementor-widget elementor-widget-text-editor\" data-id=\"4b8b1ff2\" data-element_type=\"widget\" data-e-type=\"widget\" data-widget_type=\"text-editor.default\">\n\t\t\t\t<div class=\"elementor-widget-container\">\n\t\t\t\t\t\t\t\t\t<p>L\u2019abattage d&rsquo;arbres n\u00e9cessite une expertise sp\u00e9cifique, surtout en milieu urbain. Sp\u00e9cialistes de l\u2019abattage d\u2019arbre \u00e0 Lens, nous r\u00e9alisons \u00e9galement le rognage de souches et le d\u00e9broussaillage dans le respect des normes de s\u00e9curit\u00e9.<\/p><p>Quel que soit le diam\u00e8tre ou la hauteur \u00e0 g\u00e9rer, notre expertise garantit une intervention propre et sans risque pour votre environnement. Pensez \u00e0 nous pour l\u2019abattage d\u2019arbre de tout type, m\u00eame en situation d\u00e9licate ou rapproch\u00e9e de constructions. Demandez un devis gratuit !<\/p>\t\t\t\t\t\t\t\t<\/div>\n\t\t\t\t<\/div>\n\t\t\t\t\t<\/div>\n\t\t<\/div>\n\t\t\t\t<div class=\"elementor-column elementor-col-50 elementor-top-column elementor-element elementor-element-e7c7fb3\" data-id=\"e7c7fb3\" data-element_type=\"column\" data-e-type=\"column\">\n\t\t\t<div class=\"elementor-widget-wrap elementor-element-populated\">\n\t\t\t\t\t\t<div class=\"elementor-element elementor-element-37fd1a37 elementor-widget elementor-widget-image\" data-id=\"37fd1a37\" data-element_type=\"widget\" data-e-type=\"widget\" data-widget_type=\"image.default\">\n\t\t\t\t<div class=\"elementor-widget-container\">\n\t\t\t\t\t\t\t\t\t\t\t\t\t\t\t<img decoding=\"async\" width=\"700\" height=\"500\" src=\"https:\/\/sarlflanquart-espacesverts.fr\/wp-content\/uploads\/2025\/07\/img-zone2.jpg\" class=\"attachment-full size-full wp-image-2751\" alt=\"\" srcset=\"https:\/\/sarlflanquart-espacesverts.fr\/wp-content\/uploads\/2025\/07\/img-zone2.jpg 700w, https:\/\/sarlflanquart-espacesverts.fr\/wp-content\/uploads\/2025\/07\/img-zone2-300x214.jpg 300w\" sizes=\"(max-width: 700px) 100vw, 700px\" \/>\t\t\t\t\t\t\t\t\t\t\t\t\t\t\t<\/div>\n\t\t\t\t<\/div>\n\t\t\t\t\t<\/div>\n\t\t<\/div>\n\t\t\t\t\t<\/div>\n\t\t<\/section>\n\t\t\t\t<section class=\"elementor-section elementor-top-section elementor-element elementor-element-657743a2 elementor-section-stretched elementor-section-content-middle elementor-section-boxed elementor-section-height-default elementor-section-height-default wpr-particle-no wpr-jarallax-no wpr-parallax-no wpr-sticky-section-no wpr-equal-height-no\" data-id=\"657743a2\" data-element_type=\"section\" data-e-type=\"section\" data-settings=\"{&quot;stretch_section&quot;:&quot;section-stretched&quot;,&quot;background_background&quot;:&quot;classic&quot;}\">\n\t\t\t\t\t\t<div class=\"elementor-container elementor-column-gap-default\">\n\t\t\t\t\t<div class=\"elementor-column elementor-col-50 elementor-top-column elementor-element elementor-element-442db771\" data-id=\"442db771\" data-element_type=\"column\" data-e-type=\"column\">\n\t\t\t<div class=\"elementor-widget-wrap elementor-element-populated\">\n\t\t\t\t\t\t<div class=\"elementor-element elementor-element-7c9d8d31 elementor-widget elementor-widget-image\" data-id=\"7c9d8d31\" data-element_type=\"widget\" data-e-type=\"widget\" data-widget_type=\"image.default\">\n\t\t\t\t<div class=\"elementor-widget-container\">\n\t\t\t\t\t\t\t\t\t\t\t\t\t\t\t<img loading=\"lazy\" decoding=\"async\" width=\"700\" height=\"500\" src=\"https:\/\/sarlflanquart-espacesverts.fr\/wp-content\/uploads\/2025\/07\/img-zone3.jpg\" class=\"attachment-full size-full wp-image-2752\" alt=\"\" srcset=\"https:\/\/sarlflanquart-espacesverts.fr\/wp-content\/uploads\/2025\/07\/img-zone3.jpg 700w, https:\/\/sarlflanquart-espacesverts.fr\/wp-content\/uploads\/2025\/07\/img-zone3-300x214.jpg 300w\" sizes=\"(max-width: 700px) 100vw, 700px\" \/>\t\t\t\t\t\t\t\t\t\t\t\t\t\t\t<\/div>\n\t\t\t\t<\/div>\n\t\t\t\t\t<\/div>\n\t\t<\/div>\n\t\t\t\t<div class=\"elementor-column elementor-col-50 elementor-top-column elementor-element elementor-element-5f77148b\" data-id=\"5f77148b\" data-element_type=\"column\" data-e-type=\"column\">\n\t\t\t<div class=\"elementor-widget-wrap elementor-element-populated\">\n\t\t\t\t\t\t<div class=\"elementor-element elementor-element-679a0aa2 animated-slow elementor-invisible elementor-widget elementor-widget-heading\" data-id=\"679a0aa2\" data-element_type=\"widget\" data-e-type=\"widget\" data-settings=\"{&quot;_animation&quot;:&quot;fadeIn&quot;}\" data-widget_type=\"heading.default\">\n\t\t\t\t<div class=\"elementor-widget-container\">\n\t\t\t\t\t<div class=\"elementor-heading-title elementor-size-default\">Am\u00e9nagement ext\u00e9rieur sur mesure<\/div>\t\t\t\t<\/div>\n\t\t\t\t<\/div>\n\t\t\t\t<div class=\"elementor-element elementor-element-767ef405 elementor-widget elementor-widget-text-editor\" data-id=\"767ef405\" data-element_type=\"widget\" data-e-type=\"widget\" data-widget_type=\"text-editor.default\">\n\t\t\t\t<div class=\"elementor-widget-container\">\n\t\t\t\t\t\t\t\t\t<p>Pour sublimer vos ext\u00e9rieurs \u00e0 Lens, nous proposons un large \u00e9ventail de prestations d\u2019am\u00e9nagement ext\u00e9rieur : cr\u00e9ation de massifs avec recouvrement min\u00e9ral ou v\u00e9g\u00e9tal, pose de dallages, all\u00e9es gravillonn\u00e9es et installation de mobilier de jardin.<\/p><p>Chaque projet est con\u00e7u autour de vos envies et des contraintes du terrain, afin d\u2019apporter une valeur ajout\u00e9e \u00e0 votre propri\u00e9t\u00e9. Nous intervenons \u00e9galement \u00e0 Loison-sous-Lens, \u00c9leu-dit-Leauwette et Sallaumines pour un service rapide et localis\u00e9.<\/p><p>Envie d\u2019une pelouse impeccable d\u00e8s la fin de l\u2019intervention ? Optez pour la pose de gazon en rouleau : notre pr\u00e9paration minutieuse du sol et la mise \u00e0 niveau garantissent un gazon dense et uniforme, pr\u00eat \u00e0 accueillir vos barbecues ou vos jeux d\u2019enfants. Entreprise r\u00e9active \u00e0 Lens et ses alentours, nous assurons un devis gratuit sous 24h et b\u00e9n\u00e9ficiez d\u2019un cr\u00e9dit d\u2019imp\u00f4ts pour vos travaux d\u2019entretien et d\u2019am\u00e9nagement ext\u00e9rieur.<\/p>\t\t\t\t\t\t\t\t<\/div>\n\t\t\t\t<\/div>\n\t\t\t\t\t<\/div>\n\t\t<\/div>\n\t\t\t\t\t<\/div>\n\t\t<\/section>\n\t\t\t\t<section class=\"elementor-section elementor-top-section elementor-element elementor-element-527e0fd7 elementor-section-height-min-height elementor-section-stretched elementor-section-boxed elementor-section-height-default elementor-section-items-middle wpr-particle-no wpr-jarallax-no wpr-parallax-no wpr-sticky-section-no wpr-equal-height-no\" data-id=\"527e0fd7\" data-element_type=\"section\" data-e-type=\"section\" data-settings=\"{&quot;stretch_section&quot;:&quot;section-stretched&quot;,&quot;background_background&quot;:&quot;classic&quot;}\">\n\t\t\t\t\t\t\t<div class=\"elementor-background-overlay\"><\/div>\n\t\t\t\t\t\t\t<div class=\"elementor-container elementor-column-gap-default\">\n\t\t\t\t\t<div class=\"elementor-column elementor-col-100 elementor-top-column elementor-element elementor-element-66edf664\" data-id=\"66edf664\" data-element_type=\"column\" data-e-type=\"column\">\n\t\t\t<div class=\"elementor-widget-wrap elementor-element-populated\">\n\t\t\t\t\t\t<div class=\"elementor-element elementor-element-5f47940 elementor-invisible elementor-widget elementor-widget-heading\" data-id=\"5f47940\" data-element_type=\"widget\" data-e-type=\"widget\" data-settings=\"{&quot;_animation&quot;:&quot;fadeInUp&quot;}\" data-widget_type=\"heading.default\">\n\t\t\t\t<div class=\"elementor-widget-container\">\n\t\t\t\t\t<span class=\"elementor-heading-title elementor-size-default\">Contactez-nous<\/span>\t\t\t\t<\/div>\n\t\t\t\t<\/div>\n\t\t\t\t<div class=\"elementor-element elementor-element-ed7b595 elementor-widget-divider--view-line elementor-widget elementor-widget-divider\" data-id=\"ed7b595\" data-element_type=\"widget\" data-e-type=\"widget\" data-widget_type=\"divider.default\">\n\t\t\t\t<div class=\"elementor-widget-container\">\n\t\t\t\t\t\t\t<div class=\"elementor-divider\">\n\t\t\t<span class=\"elementor-divider-separator\">\n\t\t\t\t\t\t<\/span>\n\t\t<\/div>\n\t\t\t\t\t\t<\/div>\n\t\t\t\t<\/div>\n\t\t\t\t<div class=\"elementor-element elementor-element-6dbba3b7 elementor-widget elementor-widget-text-editor\" data-id=\"6dbba3b7\" data-element_type=\"widget\" data-e-type=\"widget\" data-widget_type=\"text-editor.default\">\n\t\t\t\t<div class=\"elementor-widget-container\">\n\t\t\t\t\t\t\t\t\t<p>Faites confiance \u00e0 notre entreprise paysagiste \u00e0 Lens : nous intervenons pour transformer votre espace vert en un lieu de vie agr\u00e9able, s\u00e9curis\u00e9 et esth\u00e9tique. Contactez-nous d\u00e8s aujourd\u2019hui pour un devis personnalis\u00e9 et redonnez vie \u00e0 votre jardin !<\/p>\t\t\t\t\t\t\t\t<\/div>\n\t\t\t\t<\/div>\n\t\t\t\t\t<\/div>\n\t\t<\/div>\n\t\t\t\t\t<\/div>\n\t\t<\/section>\n\t\t\t\t<\/div>\n\t\t","protected":false},"excerpt":{"rendered":"<p>Paysagiste \u00e0 Lens Paysagiste \u00e0 Lens : Entretien Professionnel de Jardin et Am\u00e9nagement Ext\u00e9rieur Flanquart Services Espaces Verts, paysagiste expert \u00e0 Lens, intervient pour l\u2019entretien de jardin, l\u2019abattage d\u2019arbre, l\u2019am\u00e9nagement ext\u00e9rieur et la pose de gazon en rouleau dans tout le bassin lensois, y compris \u00e0 Loison-sous-Lens, \u00c9leu-dit-Leauwette et Sallaumines.<\/p>\n","protected":false},"author":38,"featured_media":0,"parent":2283,"menu_order":0,"comment_status":"closed","ping_status":"closed","template":"","meta":{"footnotes":""},"class_list":["post-2285","page","type-page","status-publish","hentry"],"aioseo_notices":[],"_links":{"self":[{"href":"https:\/\/sarlflanquart-espacesverts.fr\/nov-apijson\/wp\/v2\/pages\/2285","targetHints":{"allow":["GET"]}}],"collection":[{"href":"https:\/\/sarlflanquart-espacesverts.fr\/nov-apijson\/wp\/v2\/pages"}],"about":[{"href":"https:\/\/sarlflanquart-espacesverts.fr\/nov-apijson\/wp\/v2\/types\/page"}],"author":[{"embeddable":true,"href":"https:\/\/sarlflanquart-espacesverts.fr\/nov-apijson\/wp\/v2\/users\/38"}],"replies":[{"embeddable":true,"href":"https:\/\/sarlflanquart-espacesverts.fr\/nov-apijson\/wp\/v2\/comments?post=2285"}],"version-history":[{"count":19,"href":"https:\/\/sarlflanquart-espacesverts.fr\/nov-apijson\/wp\/v2\/pages\/2285\/revisions"}],"predecessor-version":[{"id":2761,"href":"https:\/\/sarlflanquart-espacesverts.fr\/nov-apijson\/wp\/v2\/pages\/2285\/revisions\/2761"}],"up":[{"embeddable":true,"href":"https:\/\/sarlflanquart-espacesverts.fr\/nov-apijson\/wp\/v2\/pages\/2283"}],"wp:attachment":[{"href":"https:\/\/sarlflanquart-espacesverts.fr\/nov-apijson\/wp\/v2\/media?parent=2285"}],"curies":[{"name":"wp","href":"https:\/\/api.w.org\/{rel}","templated":true}]}}