{"id":2288,"date":"2025-06-10T16:48:53","date_gmt":"2025-06-10T14:48:53","guid":{"rendered":"https:\/\/sarlflanquart-espacesverts.fr\/?page_id=2288"},"modified":"2025-07-09T16:43:12","modified_gmt":"2025-07-09T14:43:12","slug":"paysagiste-templeuve-en-pevele","status":"publish","type":"page","link":"https:\/\/sarlflanquart-espacesverts.fr\/zones-dintervention\/paysagiste-templeuve-en-pevele\/","title":{"rendered":"Paysagiste \u00e0 Templeuve-en-P\u00e9v\u00e8le"},"content":{"rendered":"\t\t<div data-elementor-type=\"wp-page\" data-elementor-id=\"2288\" class=\"elementor elementor-2288\" data-elementor-post-type=\"page\">\n\t\t\t\t\t\t<section class=\"elementor-section elementor-top-section elementor-element elementor-element-2618a677 elementor-section-height-min-height elementor-section-stretched elementor-section-full_width elementor-section-height-default elementor-section-items-middle wpr-particle-no wpr-jarallax-no wpr-parallax-no wpr-sticky-section-no wpr-equal-height-no\" data-id=\"2618a677\" data-element_type=\"section\" data-e-type=\"section\" data-settings=\"{&quot;stretch_section&quot;:&quot;section-stretched&quot;,&quot;background_background&quot;:&quot;classic&quot;}\">\n\t\t\t\t\t\t\t<div class=\"elementor-background-overlay\"><\/div>\n\t\t\t\t\t\t\t<div class=\"elementor-container elementor-column-gap-default\">\n\t\t\t\t\t<div class=\"elementor-column elementor-col-100 elementor-top-column elementor-element elementor-element-42bd7737\" data-id=\"42bd7737\" data-element_type=\"column\" data-e-type=\"column\">\n\t\t\t<div class=\"elementor-widget-wrap elementor-element-populated\">\n\t\t\t\t\t\t<div class=\"elementor-element elementor-element-25b9c834 elementor-widget elementor-widget-heading\" data-id=\"25b9c834\" data-element_type=\"widget\" data-e-type=\"widget\" data-widget_type=\"heading.default\">\n\t\t\t\t<div class=\"elementor-widget-container\">\n\t\t\t\t\t<span class=\"elementor-heading-title elementor-size-default\"><a href=\"#\">Paysagiste \u00e0 Templeuve-en-P\u00e9v\u00e8le<\/a><\/span>\t\t\t\t<\/div>\n\t\t\t\t<\/div>\n\t\t\t\t\t<\/div>\n\t\t<\/div>\n\t\t\t\t\t<\/div>\n\t\t<\/section>\n\t\t\t\t<section class=\"elementor-section elementor-top-section elementor-element elementor-element-66074ed9 elementor-section-content-middle elementor-section-stretched elementor-reverse-tablet elementor-reverse-mobile elementor-section-boxed elementor-section-height-default elementor-section-height-default wpr-particle-no wpr-jarallax-no wpr-parallax-no wpr-sticky-section-no wpr-equal-height-no\" data-id=\"66074ed9\" data-element_type=\"section\" data-e-type=\"section\" data-settings=\"{&quot;stretch_section&quot;:&quot;section-stretched&quot;}\">\n\t\t\t\t\t\t<div class=\"elementor-container elementor-column-gap-default\">\n\t\t\t\t\t<div class=\"elementor-column elementor-col-100 elementor-top-column elementor-element elementor-element-23417bfa\" data-id=\"23417bfa\" data-element_type=\"column\" data-e-type=\"column\">\n\t\t\t<div class=\"elementor-widget-wrap elementor-element-populated\">\n\t\t\t\t\t\t<div class=\"elementor-element elementor-element-13280709 elementor-widget elementor-widget-image\" data-id=\"13280709\" data-element_type=\"widget\" data-e-type=\"widget\" data-widget_type=\"image.default\">\n\t\t\t\t<div class=\"elementor-widget-container\">\n\t\t\t\t\t\t\t\t\t\t\t\t\t\t\t<img fetchpriority=\"high\" decoding=\"async\" width=\"218\" height=\"241\" src=\"https:\/\/sarlflanquart-espacesverts.fr\/wp-content\/uploads\/2025\/06\/im.png\" class=\"attachment-large size-large wp-image-2067\" alt=\"Paysagiste \u00e0 Lens \u2013 Guillaume Flanquart | Flanquart SEV\" \/>\t\t\t\t\t\t\t\t\t\t\t\t\t\t\t<\/div>\n\t\t\t\t<\/div>\n\t\t\t\t<div class=\"elementor-element elementor-element-48d81d1e animated-slow elementor-invisible elementor-widget elementor-widget-heading\" data-id=\"48d81d1e\" data-element_type=\"widget\" data-e-type=\"widget\" data-settings=\"{&quot;_animation&quot;:&quot;fadeInDown&quot;}\" data-widget_type=\"heading.default\">\n\t\t\t\t<div class=\"elementor-widget-container\">\n\t\t\t\t\t<h1 class=\"elementor-heading-title elementor-size-default\">Paysagiste \u00e0 Templeuve-en-P\u00e9v\u00e8le - Flanquart Services Espaces Verts<\/h1>\t\t\t\t<\/div>\n\t\t\t\t<\/div>\n\t\t\t\t<div class=\"elementor-element elementor-element-26cf9903 elementor-widget-divider--view-line_icon elementor-view-default elementor-widget-divider--element-align-center elementor-widget elementor-widget-divider\" data-id=\"26cf9903\" data-element_type=\"widget\" data-e-type=\"widget\" data-widget_type=\"divider.default\">\n\t\t\t\t<div class=\"elementor-widget-container\">\n\t\t\t\t\t\t\t<div class=\"elementor-divider\">\n\t\t\t<span class=\"elementor-divider-separator\">\n\t\t\t\t\t\t\t<div class=\"elementor-icon elementor-divider__element\">\n\t\t\t\t\t<i aria-hidden=\"true\" class=\"fas fa-spa\"><\/i><\/div>\n\t\t\t\t\t\t<\/span>\n\t\t<\/div>\n\t\t\t\t\t\t<\/div>\n\t\t\t\t<\/div>\n\t\t\t\t<div class=\"elementor-element elementor-element-5abbef20 elementor-widget elementor-widget-text-editor\" data-id=\"5abbef20\" data-element_type=\"widget\" data-e-type=\"widget\" data-widget_type=\"text-editor.default\">\n\t\t\t\t<div class=\"elementor-widget-container\">\n\t\t\t\t\t\t\t\t\t<p>Chez Flanquart Services Espaces Verts, nous mettons notre expertise de paysagiste au service des particuliers et des professionnels \u00e0 Templeuve-en-P\u00e9v\u00e8le, ainsi qu\u2019\u00e0 Cappelle-en-P\u00e9v\u00e8le, Ennevelin et Genech. Notre \u00e9quipe intervient rapidement pour tous vos besoins en entretien de jardin, abattage d\u2019arbre, am\u00e9nagement ext\u00e9rieur et pose de gazon en rouleau. Des prestations sur-mesure et un r\u00e9sultat impeccable.<\/p>\t\t\t\t\t\t\t\t<\/div>\n\t\t\t\t<\/div>\n\t\t\t\t\t<\/div>\n\t\t<\/div>\n\t\t\t\t\t<\/div>\n\t\t<\/section>\n\t\t\t\t<section class=\"elementor-section elementor-top-section elementor-element elementor-element-6631794c elementor-section-stretched elementor-section-content-middle elementor-section-boxed elementor-section-height-default elementor-section-height-default wpr-particle-no wpr-jarallax-no wpr-parallax-no wpr-sticky-section-no wpr-equal-height-no\" data-id=\"6631794c\" data-element_type=\"section\" data-e-type=\"section\" data-settings=\"{&quot;stretch_section&quot;:&quot;section-stretched&quot;,&quot;background_background&quot;:&quot;classic&quot;}\">\n\t\t\t\t\t\t<div class=\"elementor-container elementor-column-gap-default\">\n\t\t\t\t\t<div class=\"elementor-column elementor-col-50 elementor-top-column elementor-element elementor-element-6455956f\" data-id=\"6455956f\" data-element_type=\"column\" data-e-type=\"column\">\n\t\t\t<div class=\"elementor-widget-wrap elementor-element-populated\">\n\t\t\t\t\t\t<div class=\"elementor-element elementor-element-75972bb1 elementor-widget elementor-widget-image\" data-id=\"75972bb1\" data-element_type=\"widget\" data-e-type=\"widget\" data-widget_type=\"image.default\">\n\t\t\t\t<div class=\"elementor-widget-container\">\n\t\t\t\t\t\t\t\t\t\t\t\t\t\t\t<img decoding=\"async\" width=\"700\" height=\"500\" src=\"https:\/\/sarlflanquart-espacesverts.fr\/wp-content\/uploads\/2025\/07\/img-zone4.jpg\" class=\"attachment-full size-full wp-image-2769\" alt=\"\" srcset=\"https:\/\/sarlflanquart-espacesverts.fr\/wp-content\/uploads\/2025\/07\/img-zone4.jpg 700w, https:\/\/sarlflanquart-espacesverts.fr\/wp-content\/uploads\/2025\/07\/img-zone4-300x214.jpg 300w\" sizes=\"(max-width: 700px) 100vw, 700px\" \/>\t\t\t\t\t\t\t\t\t\t\t\t\t\t\t<\/div>\n\t\t\t\t<\/div>\n\t\t\t\t\t<\/div>\n\t\t<\/div>\n\t\t\t\t<div class=\"elementor-column elementor-col-50 elementor-top-column elementor-element elementor-element-550d6153\" data-id=\"550d6153\" data-element_type=\"column\" data-e-type=\"column\">\n\t\t\t<div class=\"elementor-widget-wrap elementor-element-populated\">\n\t\t\t\t\t\t<div class=\"elementor-element elementor-element-570e498b animated-slow elementor-invisible elementor-widget elementor-widget-heading\" data-id=\"570e498b\" data-element_type=\"widget\" data-e-type=\"widget\" data-settings=\"{&quot;_animation&quot;:&quot;fadeIn&quot;}\" data-widget_type=\"heading.default\">\n\t\t\t\t<div class=\"elementor-widget-container\">\n\t\t\t\t\t<div class=\"elementor-heading-title elementor-size-default\">Entretien Paysager \u00e0 Templeuve-en-P\u00e9v\u00e8le : Pelouse et Haies Impeccables<\/div>\t\t\t\t<\/div>\n\t\t\t\t<\/div>\n\t\t\t\t<div class=\"elementor-element elementor-element-b28e595 elementor-widget elementor-widget-text-editor\" data-id=\"b28e595\" data-element_type=\"widget\" data-e-type=\"widget\" data-widget_type=\"text-editor.default\">\n\t\t\t\t<div class=\"elementor-widget-container\">\n\t\t\t\t\t\t\t\t\t<p>L\u2019entretien de jardin est essentiel pour pr\u00e9server la beaut\u00e9 et la sant\u00e9 de vos espaces verts. \u00c0 Templeuve-en-P\u00e9v\u00e8le, nous r\u00e9alisons la tonte de pelouse sur petites et grandes surfaces, la taille de haies et d\u2019arbustes, ainsi que le d\u00e9sherbage et le nettoyage complet de votre jardin.<\/p><p>Nos interventions s\u2019\u00e9tendent \u00e0 Cappelle-en-P\u00e9v\u00e8le, Ennevelin et Genech, afin de vous garantir un ext\u00e9rieur soign\u00e9 toute l\u2019ann\u00e9e. Nous proposons \u00e9galement l\u2019abattage d\u2019arbre, le rognage de souche et l\u2019\u00e9vacuation des d\u00e9chets verts, dans le respect des normes de s\u00e9curit\u00e9 et de l\u2019environnement.<\/p>\t\t\t\t\t\t\t\t<\/div>\n\t\t\t\t<\/div>\n\t\t\t\t\t<\/div>\n\t\t<\/div>\n\t\t\t\t\t<\/div>\n\t\t<\/section>\n\t\t\t\t<section class=\"elementor-section elementor-top-section elementor-element elementor-element-6da18217 elementor-section-stretched elementor-reverse-tablet elementor-reverse-mobile elementor-section-content-middle elementor-section-boxed elementor-section-height-default elementor-section-height-default wpr-particle-no wpr-jarallax-no wpr-parallax-no wpr-sticky-section-no wpr-equal-height-no\" data-id=\"6da18217\" data-element_type=\"section\" data-e-type=\"section\" data-settings=\"{&quot;stretch_section&quot;:&quot;section-stretched&quot;,&quot;background_background&quot;:&quot;classic&quot;}\">\n\t\t\t\t\t\t<div class=\"elementor-container elementor-column-gap-default\">\n\t\t\t\t\t<div class=\"elementor-column elementor-col-50 elementor-top-column elementor-element elementor-element-bacf6f1\" data-id=\"bacf6f1\" data-element_type=\"column\" data-e-type=\"column\">\n\t\t\t<div class=\"elementor-widget-wrap elementor-element-populated\">\n\t\t\t\t\t\t<div class=\"elementor-element elementor-element-4d545635 animated-slow elementor-invisible elementor-widget elementor-widget-heading\" data-id=\"4d545635\" data-element_type=\"widget\" data-e-type=\"widget\" data-settings=\"{&quot;_animation&quot;:&quot;fadeIn&quot;}\" data-widget_type=\"heading.default\">\n\t\t\t\t<div class=\"elementor-widget-container\">\n\t\t\t\t\t<div class=\"elementor-heading-title elementor-size-default\">Am\u00e9nagement Paysager Durable<\/div>\t\t\t\t<\/div>\n\t\t\t\t<\/div>\n\t\t\t\t<div class=\"elementor-element elementor-element-7036a3b8 elementor-widget elementor-widget-text-editor\" data-id=\"7036a3b8\" data-element_type=\"widget\" data-e-type=\"widget\" data-widget_type=\"text-editor.default\">\n\t\t\t\t<div class=\"elementor-widget-container\">\n\t\t\t\t\t\t\t\t\t<p>Envie de transformer votre ext\u00e9rieur ? Notre service d\u2019am\u00e9nagement ext\u00e9rieur inclut la cr\u00e9ation de massifs v\u00e9g\u00e9taux ou min\u00e9raux, la plantation d\u2019arbres et d\u2019arbustes, ainsi que la pose de gazon en rouleau pour une pelouse parfaite en un temps record. Nous pr\u00e9parons minutieusement le terrain pour garantir une implantation durable et esth\u00e9tique.<\/p><p>La pose de gazon en rouleau est id\u00e9ale pour obtenir un rendu imm\u00e9diat, sans mauvaises herbes, et s\u2019int\u00e8gre harmonieusement \u00e0 tout projet d\u2019am\u00e9nagement paysager.<\/p>\t\t\t\t\t\t\t\t<\/div>\n\t\t\t\t<\/div>\n\t\t\t\t\t<\/div>\n\t\t<\/div>\n\t\t\t\t<div class=\"elementor-column elementor-col-50 elementor-top-column elementor-element elementor-element-4cdbb296\" data-id=\"4cdbb296\" data-element_type=\"column\" data-e-type=\"column\">\n\t\t\t<div class=\"elementor-widget-wrap elementor-element-populated\">\n\t\t\t\t\t\t<div class=\"elementor-element elementor-element-2b19c21f elementor-widget elementor-widget-image\" data-id=\"2b19c21f\" data-element_type=\"widget\" data-e-type=\"widget\" data-widget_type=\"image.default\">\n\t\t\t\t<div class=\"elementor-widget-container\">\n\t\t\t\t\t\t\t\t\t\t\t\t\t\t\t<img decoding=\"async\" width=\"700\" height=\"500\" src=\"https:\/\/sarlflanquart-espacesverts.fr\/wp-content\/uploads\/2025\/07\/img-zone5.jpg\" class=\"attachment-full size-full wp-image-2770\" alt=\"\" srcset=\"https:\/\/sarlflanquart-espacesverts.fr\/wp-content\/uploads\/2025\/07\/img-zone5.jpg 700w, https:\/\/sarlflanquart-espacesverts.fr\/wp-content\/uploads\/2025\/07\/img-zone5-300x214.jpg 300w\" sizes=\"(max-width: 700px) 100vw, 700px\" \/>\t\t\t\t\t\t\t\t\t\t\t\t\t\t\t<\/div>\n\t\t\t\t<\/div>\n\t\t\t\t\t<\/div>\n\t\t<\/div>\n\t\t\t\t\t<\/div>\n\t\t<\/section>\n\t\t\t\t<section class=\"elementor-section elementor-top-section elementor-element elementor-element-308d823a elementor-section-height-min-height elementor-section-stretched elementor-section-boxed elementor-section-height-default elementor-section-items-middle wpr-particle-no wpr-jarallax-no wpr-parallax-no wpr-sticky-section-no wpr-equal-height-no\" data-id=\"308d823a\" data-element_type=\"section\" data-e-type=\"section\" data-settings=\"{&quot;stretch_section&quot;:&quot;section-stretched&quot;,&quot;background_background&quot;:&quot;classic&quot;}\">\n\t\t\t\t\t\t\t<div class=\"elementor-background-overlay\"><\/div>\n\t\t\t\t\t\t\t<div class=\"elementor-container elementor-column-gap-default\">\n\t\t\t\t\t<div class=\"elementor-column elementor-col-100 elementor-top-column elementor-element elementor-element-12d8ff3e\" data-id=\"12d8ff3e\" data-element_type=\"column\" data-e-type=\"column\">\n\t\t\t<div class=\"elementor-widget-wrap elementor-element-populated\">\n\t\t\t\t\t\t<div class=\"elementor-element elementor-element-4be11894 elementor-invisible elementor-widget elementor-widget-heading\" data-id=\"4be11894\" data-element_type=\"widget\" data-e-type=\"widget\" data-settings=\"{&quot;_animation&quot;:&quot;fadeInUp&quot;}\" data-widget_type=\"heading.default\">\n\t\t\t\t<div class=\"elementor-widget-container\">\n\t\t\t\t\t<span class=\"elementor-heading-title elementor-size-default\">Contactez-nous<\/span>\t\t\t\t<\/div>\n\t\t\t\t<\/div>\n\t\t\t\t<div class=\"elementor-element elementor-element-6fbb7f37 elementor-widget-divider--view-line elementor-widget elementor-widget-divider\" data-id=\"6fbb7f37\" data-element_type=\"widget\" data-e-type=\"widget\" data-widget_type=\"divider.default\">\n\t\t\t\t<div class=\"elementor-widget-container\">\n\t\t\t\t\t\t\t<div class=\"elementor-divider\">\n\t\t\t<span class=\"elementor-divider-separator\">\n\t\t\t\t\t\t<\/span>\n\t\t<\/div>\n\t\t\t\t\t\t<\/div>\n\t\t\t\t<\/div>\n\t\t\t\t<div class=\"elementor-element elementor-element-739d4999 elementor-widget elementor-widget-text-editor\" data-id=\"739d4999\" data-element_type=\"widget\" data-e-type=\"widget\" data-widget_type=\"text-editor.default\">\n\t\t\t\t<div class=\"elementor-widget-container\">\n\t\t\t\t\t\t\t\t\t<p>Flanquart Services Espaces Verts, c\u2019est la garantie d\u2019un travail soign\u00e9, d\u2019une r\u00e9activit\u00e9 sous 24h pour vos devis, et la possibilit\u00e9 de b\u00e9n\u00e9ficier du cr\u00e9dit d\u2019imp\u00f4t pour l\u2019entretien de jardin. Contactez-nous pour sublimer vos espaces verts \u00e0 Templeuve-en-P\u00e9v\u00e8le et ses environs.<\/p>\t\t\t\t\t\t\t\t<\/div>\n\t\t\t\t<\/div>\n\t\t\t\t\t<\/div>\n\t\t<\/div>\n\t\t\t\t\t<\/div>\n\t\t<\/section>\n\t\t\t\t<\/div>\n\t\t","protected":false},"excerpt":{"rendered":"<p>Paysagiste \u00e0 Templeuve-en-P\u00e9v\u00e8le Paysagiste \u00e0 Templeuve-en-P\u00e9v\u00e8le &#8211; Flanquart Services Espaces Verts Chez Flanquart Services Espaces Verts, nous mettons notre expertise de paysagiste au service des particuliers et des professionnels \u00e0 Templeuve-en-P\u00e9v\u00e8le, ainsi qu\u2019\u00e0 Cappelle-en-P\u00e9v\u00e8le, Ennevelin et Genech. Notre \u00e9quipe intervient rapidement pour tous vos besoins en entretien de jardin, abattage<\/p>\n","protected":false},"author":38,"featured_media":0,"parent":2283,"menu_order":0,"comment_status":"closed","ping_status":"closed","template":"","meta":{"footnotes":""},"class_list":["post-2288","page","type-page","status-publish","hentry"],"aioseo_notices":[],"_links":{"self":[{"href":"https:\/\/sarlflanquart-espacesverts.fr\/nov-apijson\/wp\/v2\/pages\/2288","targetHints":{"allow":["GET"]}}],"collection":[{"href":"https:\/\/sarlflanquart-espacesverts.fr\/nov-apijson\/wp\/v2\/pages"}],"about":[{"href":"https:\/\/sarlflanquart-espacesverts.fr\/nov-apijson\/wp\/v2\/types\/page"}],"author":[{"embeddable":true,"href":"https:\/\/sarlflanquart-espacesverts.fr\/nov-apijson\/wp\/v2\/users\/38"}],"replies":[{"embeddable":true,"href":"https:\/\/sarlflanquart-espacesverts.fr\/nov-apijson\/wp\/v2\/comments?post=2288"}],"version-history":[{"count":13,"href":"https:\/\/sarlflanquart-espacesverts.fr\/nov-apijson\/wp\/v2\/pages\/2288\/revisions"}],"predecessor-version":[{"id":2773,"href":"https:\/\/sarlflanquart-espacesverts.fr\/nov-apijson\/wp\/v2\/pages\/2288\/revisions\/2773"}],"up":[{"embeddable":true,"href":"https:\/\/sarlflanquart-espacesverts.fr\/nov-apijson\/wp\/v2\/pages\/2283"}],"wp:attachment":[{"href":"https:\/\/sarlflanquart-espacesverts.fr\/nov-apijson\/wp\/v2\/media?parent=2288"}],"curies":[{"name":"wp","href":"https:\/\/api.w.org\/{rel}","templated":true}]}}