{"id":2290,"date":"2025-06-10T16:50:21","date_gmt":"2025-06-10T14:50:21","guid":{"rendered":"https:\/\/sarlflanquart-espacesverts.fr\/?page_id=2290"},"modified":"2025-07-09T16:50:30","modified_gmt":"2025-07-09T14:50:30","slug":"paysagiste-lievin","status":"publish","type":"page","link":"https:\/\/sarlflanquart-espacesverts.fr\/zones-dintervention\/paysagiste-lievin\/","title":{"rendered":"Paysagiste \u00e0 Li\u00e9vin"},"content":{"rendered":"\t\t<div data-elementor-type=\"wp-page\" data-elementor-id=\"2290\" class=\"elementor elementor-2290\" data-elementor-post-type=\"page\">\n\t\t\t\t\t\t<section class=\"elementor-section elementor-top-section elementor-element elementor-element-6208a733 elementor-section-height-min-height elementor-section-stretched elementor-section-full_width elementor-section-height-default elementor-section-items-middle wpr-particle-no wpr-jarallax-no wpr-parallax-no wpr-sticky-section-no wpr-equal-height-no\" data-id=\"6208a733\" data-element_type=\"section\" data-e-type=\"section\" data-settings=\"{&quot;stretch_section&quot;:&quot;section-stretched&quot;,&quot;background_background&quot;:&quot;classic&quot;}\">\n\t\t\t\t\t\t\t<div class=\"elementor-background-overlay\"><\/div>\n\t\t\t\t\t\t\t<div class=\"elementor-container elementor-column-gap-default\">\n\t\t\t\t\t<div class=\"elementor-column elementor-col-100 elementor-top-column elementor-element elementor-element-6b48e263\" data-id=\"6b48e263\" data-element_type=\"column\" data-e-type=\"column\">\n\t\t\t<div class=\"elementor-widget-wrap elementor-element-populated\">\n\t\t\t\t\t\t<div class=\"elementor-element elementor-element-6b498c45 elementor-widget elementor-widget-heading\" data-id=\"6b498c45\" data-element_type=\"widget\" data-e-type=\"widget\" data-widget_type=\"heading.default\">\n\t\t\t\t<div class=\"elementor-widget-container\">\n\t\t\t\t\t<span class=\"elementor-heading-title elementor-size-default\"><a href=\"#\">Paysagiste \u00e0 Li\u00e9vin<\/a><\/span>\t\t\t\t<\/div>\n\t\t\t\t<\/div>\n\t\t\t\t\t<\/div>\n\t\t<\/div>\n\t\t\t\t\t<\/div>\n\t\t<\/section>\n\t\t\t\t<section class=\"elementor-section elementor-top-section elementor-element elementor-element-76f21064 elementor-section-content-middle elementor-section-stretched elementor-reverse-tablet elementor-reverse-mobile elementor-section-boxed elementor-section-height-default elementor-section-height-default wpr-particle-no wpr-jarallax-no wpr-parallax-no wpr-sticky-section-no wpr-equal-height-no\" data-id=\"76f21064\" data-element_type=\"section\" data-e-type=\"section\" data-settings=\"{&quot;stretch_section&quot;:&quot;section-stretched&quot;}\">\n\t\t\t\t\t\t<div class=\"elementor-container elementor-column-gap-default\">\n\t\t\t\t\t<div class=\"elementor-column elementor-col-100 elementor-top-column elementor-element elementor-element-527937b0\" data-id=\"527937b0\" data-element_type=\"column\" data-e-type=\"column\">\n\t\t\t<div class=\"elementor-widget-wrap elementor-element-populated\">\n\t\t\t\t\t\t<div class=\"elementor-element elementor-element-5c2f38f5 elementor-widget elementor-widget-image\" data-id=\"5c2f38f5\" data-element_type=\"widget\" data-e-type=\"widget\" data-widget_type=\"image.default\">\n\t\t\t\t<div class=\"elementor-widget-container\">\n\t\t\t\t\t\t\t\t\t\t\t\t\t\t\t<img fetchpriority=\"high\" decoding=\"async\" width=\"218\" height=\"241\" src=\"https:\/\/sarlflanquart-espacesverts.fr\/wp-content\/uploads\/2025\/06\/im.png\" class=\"attachment-large size-large wp-image-2067\" alt=\"Paysagiste \u00e0 Lens \u2013 Guillaume Flanquart | Flanquart SEV\" \/>\t\t\t\t\t\t\t\t\t\t\t\t\t\t\t<\/div>\n\t\t\t\t<\/div>\n\t\t\t\t<div class=\"elementor-element elementor-element-2238f8b4 animated-slow elementor-invisible elementor-widget elementor-widget-heading\" data-id=\"2238f8b4\" data-element_type=\"widget\" data-e-type=\"widget\" data-settings=\"{&quot;_animation&quot;:&quot;fadeInDown&quot;}\" data-widget_type=\"heading.default\">\n\t\t\t\t<div class=\"elementor-widget-container\">\n\t\t\t\t\t<h1 class=\"elementor-heading-title elementor-size-default\">Flanquart Services Espaces Verts, paysagiste \u00e0 Li\u00e9vin\n\n\n<\/h1>\t\t\t\t<\/div>\n\t\t\t\t<\/div>\n\t\t\t\t<div class=\"elementor-element elementor-element-384f31ee elementor-widget-divider--view-line_icon elementor-view-default elementor-widget-divider--element-align-center elementor-widget elementor-widget-divider\" data-id=\"384f31ee\" data-element_type=\"widget\" data-e-type=\"widget\" data-widget_type=\"divider.default\">\n\t\t\t\t<div class=\"elementor-widget-container\">\n\t\t\t\t\t\t\t<div class=\"elementor-divider\">\n\t\t\t<span class=\"elementor-divider-separator\">\n\t\t\t\t\t\t\t<div class=\"elementor-icon elementor-divider__element\">\n\t\t\t\t\t<i aria-hidden=\"true\" class=\"fas fa-spa\"><\/i><\/div>\n\t\t\t\t\t\t<\/span>\n\t\t<\/div>\n\t\t\t\t\t\t<\/div>\n\t\t\t\t<\/div>\n\t\t\t\t<div class=\"elementor-element elementor-element-603f6c1c elementor-widget elementor-widget-text-editor\" data-id=\"603f6c1c\" data-element_type=\"widget\" data-e-type=\"widget\" data-widget_type=\"text-editor.default\">\n\t\t\t\t<div class=\"elementor-widget-container\">\n\t\t\t\t\t\t\t\t\t<p>Chez Flanquart Services Espaces Verts, nous mettons \u00e0 votre disposition notre expertise de paysagiste \u00e0 Li\u00e9vin et dans les communes voisines, notamment \u00e0 Angres, Souchez et Givenchy-en-Gohelle. Notre \u00e9quipe propose des solutions personnalis\u00e9es pour particuliers et professionnels : entretien de jardin, abattage d\u2019arbre, am\u00e9nagement ext\u00e9rieur et pose de gazon en rouleau.<\/p>\t\t\t\t\t\t\t\t<\/div>\n\t\t\t\t<\/div>\n\t\t\t\t\t<\/div>\n\t\t<\/div>\n\t\t\t\t\t<\/div>\n\t\t<\/section>\n\t\t\t\t<section class=\"elementor-section elementor-top-section elementor-element elementor-element-594b6ba8 elementor-section-stretched elementor-section-content-middle elementor-section-boxed elementor-section-height-default elementor-section-height-default wpr-particle-no wpr-jarallax-no wpr-parallax-no wpr-sticky-section-no wpr-equal-height-no\" data-id=\"594b6ba8\" data-element_type=\"section\" data-e-type=\"section\" data-settings=\"{&quot;stretch_section&quot;:&quot;section-stretched&quot;,&quot;background_background&quot;:&quot;classic&quot;}\">\n\t\t\t\t\t\t<div class=\"elementor-container elementor-column-gap-default\">\n\t\t\t\t\t<div class=\"elementor-column elementor-col-50 elementor-top-column elementor-element elementor-element-25a55153\" data-id=\"25a55153\" data-element_type=\"column\" data-e-type=\"column\">\n\t\t\t<div class=\"elementor-widget-wrap elementor-element-populated\">\n\t\t\t\t\t\t<div class=\"elementor-element elementor-element-582ebeb9 elementor-widget elementor-widget-image\" data-id=\"582ebeb9\" data-element_type=\"widget\" data-e-type=\"widget\" data-widget_type=\"image.default\">\n\t\t\t\t<div class=\"elementor-widget-container\">\n\t\t\t\t\t\t\t\t\t\t\t\t\t\t\t<img decoding=\"async\" width=\"700\" height=\"500\" src=\"https:\/\/sarlflanquart-espacesverts.fr\/wp-content\/uploads\/2025\/07\/img-zone6.jpg\" class=\"attachment-full size-full wp-image-2778\" alt=\"\" srcset=\"https:\/\/sarlflanquart-espacesverts.fr\/wp-content\/uploads\/2025\/07\/img-zone6.jpg 700w, https:\/\/sarlflanquart-espacesverts.fr\/wp-content\/uploads\/2025\/07\/img-zone6-300x214.jpg 300w\" sizes=\"(max-width: 700px) 100vw, 700px\" \/>\t\t\t\t\t\t\t\t\t\t\t\t\t\t\t<\/div>\n\t\t\t\t<\/div>\n\t\t\t\t\t<\/div>\n\t\t<\/div>\n\t\t\t\t<div class=\"elementor-column elementor-col-50 elementor-top-column elementor-element elementor-element-36bc07f8\" data-id=\"36bc07f8\" data-element_type=\"column\" data-e-type=\"column\">\n\t\t\t<div class=\"elementor-widget-wrap elementor-element-populated\">\n\t\t\t\t\t\t<div class=\"elementor-element elementor-element-4321f5e3 animated-slow elementor-invisible elementor-widget elementor-widget-heading\" data-id=\"4321f5e3\" data-element_type=\"widget\" data-e-type=\"widget\" data-settings=\"{&quot;_animation&quot;:&quot;fadeIn&quot;}\" data-widget_type=\"heading.default\">\n\t\t\t\t<div class=\"elementor-widget-container\">\n\t\t\t\t\t<div class=\"elementor-heading-title elementor-size-default\">Solutions Cl\u00e9s en Main pour Votre Jardin<\/div>\t\t\t\t<\/div>\n\t\t\t\t<\/div>\n\t\t\t\t<div class=\"elementor-element elementor-element-1cfc60b1 elementor-widget elementor-widget-text-editor\" data-id=\"1cfc60b1\" data-element_type=\"widget\" data-e-type=\"widget\" data-widget_type=\"text-editor.default\">\n\t\t\t\t<div class=\"elementor-widget-container\">\n\t\t\t\t\t\t\t\t\t<p>Nous assurons l\u2019entretien de jardin \u00e0 Li\u00e9vin tout au long de l\u2019ann\u00e9e : tonte de pelouse, taille de haies, d\u00e9sherbage, ramassage de feuilles et gestion des d\u00e9chets verts. Nos contrats s\u2019adaptent \u00e0 vos besoins, que vous soyez un particulier exigeant ou une entreprise soucieuse de valoriser ses espaces ext\u00e9rieurs. Notre zone d\u2019intervention couvre Li\u00e9vin, Angres, Souchez et Givenchy-en-Gohelle.<\/p>\t\t\t\t\t\t\t\t<\/div>\n\t\t\t\t<\/div>\n\t\t\t\t\t<\/div>\n\t\t<\/div>\n\t\t\t\t\t<\/div>\n\t\t<\/section>\n\t\t\t\t<section class=\"elementor-section elementor-top-section elementor-element elementor-element-76710f28 elementor-section-stretched elementor-reverse-tablet elementor-reverse-mobile elementor-section-content-middle elementor-section-boxed elementor-section-height-default elementor-section-height-default wpr-particle-no wpr-jarallax-no wpr-parallax-no wpr-sticky-section-no wpr-equal-height-no\" data-id=\"76710f28\" data-element_type=\"section\" data-e-type=\"section\" data-settings=\"{&quot;stretch_section&quot;:&quot;section-stretched&quot;,&quot;background_background&quot;:&quot;classic&quot;}\">\n\t\t\t\t\t\t<div class=\"elementor-container elementor-column-gap-default\">\n\t\t\t\t\t<div class=\"elementor-column elementor-col-50 elementor-top-column elementor-element elementor-element-70207cd8\" data-id=\"70207cd8\" data-element_type=\"column\" data-e-type=\"column\">\n\t\t\t<div class=\"elementor-widget-wrap elementor-element-populated\">\n\t\t\t\t\t\t<div class=\"elementor-element elementor-element-29eb7c6f animated-slow elementor-invisible elementor-widget elementor-widget-heading\" data-id=\"29eb7c6f\" data-element_type=\"widget\" data-e-type=\"widget\" data-settings=\"{&quot;_animation&quot;:&quot;fadeIn&quot;}\" data-widget_type=\"heading.default\">\n\t\t\t\t<div class=\"elementor-widget-container\">\n\t\t\t\t\t<div class=\"elementor-heading-title elementor-size-default\">Abattage d\u2019Arbres S\u00e9curis\u00e9 et Rognage de Souches \u00e0 Li\u00e9vin<\/div>\t\t\t\t<\/div>\n\t\t\t\t<\/div>\n\t\t\t\t<div class=\"elementor-element elementor-element-6607ba6a elementor-widget elementor-widget-text-editor\" data-id=\"6607ba6a\" data-element_type=\"widget\" data-e-type=\"widget\" data-widget_type=\"text-editor.default\">\n\t\t\t\t<div class=\"elementor-widget-container\">\n\t\t\t\t\t\t\t\t\t<p>L\u2019abattage d\u2019arbre est une op\u00e9ration d\u00e9licate qui n\u00e9cessite savoir-faire et mat\u00e9riel adapt\u00e9. Nos \u00e9lagueurs certifi\u00e9s interviennent en toute s\u00e9curit\u00e9, que ce soit pour des arbres malades, dangereux ou g\u00eanants. Nous assurons \u00e9galement le rognage de souches pour un terrain parfaitement propre, pr\u00eat \u00e0 accueillir de nouveaux am\u00e9nagements.<\/p>\t\t\t\t\t\t\t\t<\/div>\n\t\t\t\t<\/div>\n\t\t\t\t\t<\/div>\n\t\t<\/div>\n\t\t\t\t<div class=\"elementor-column elementor-col-50 elementor-top-column elementor-element elementor-element-ab75f69\" data-id=\"ab75f69\" data-element_type=\"column\" data-e-type=\"column\">\n\t\t\t<div class=\"elementor-widget-wrap elementor-element-populated\">\n\t\t\t\t\t\t<div class=\"elementor-element elementor-element-7101213e elementor-widget elementor-widget-image\" data-id=\"7101213e\" data-element_type=\"widget\" data-e-type=\"widget\" data-widget_type=\"image.default\">\n\t\t\t\t<div class=\"elementor-widget-container\">\n\t\t\t\t\t\t\t\t\t\t\t\t\t\t\t<img decoding=\"async\" width=\"700\" height=\"500\" src=\"https:\/\/sarlflanquart-espacesverts.fr\/wp-content\/uploads\/2025\/07\/img-zone6.jpg\" class=\"attachment-full size-full wp-image-2778\" alt=\"\" srcset=\"https:\/\/sarlflanquart-espacesverts.fr\/wp-content\/uploads\/2025\/07\/img-zone6.jpg 700w, https:\/\/sarlflanquart-espacesverts.fr\/wp-content\/uploads\/2025\/07\/img-zone6-300x214.jpg 300w\" sizes=\"(max-width: 700px) 100vw, 700px\" \/>\t\t\t\t\t\t\t\t\t\t\t\t\t\t\t<\/div>\n\t\t\t\t<\/div>\n\t\t\t\t\t<\/div>\n\t\t<\/div>\n\t\t\t\t\t<\/div>\n\t\t<\/section>\n\t\t\t\t<section class=\"elementor-section elementor-top-section elementor-element elementor-element-9d79a02 elementor-section-stretched elementor-section-content-middle elementor-section-boxed elementor-section-height-default elementor-section-height-default wpr-particle-no wpr-jarallax-no wpr-parallax-no wpr-sticky-section-no wpr-equal-height-no\" data-id=\"9d79a02\" data-element_type=\"section\" data-e-type=\"section\" data-settings=\"{&quot;stretch_section&quot;:&quot;section-stretched&quot;,&quot;background_background&quot;:&quot;classic&quot;}\">\n\t\t\t\t\t\t<div class=\"elementor-container elementor-column-gap-default\">\n\t\t\t\t\t<div class=\"elementor-column elementor-col-50 elementor-top-column elementor-element elementor-element-689b9b23\" data-id=\"689b9b23\" data-element_type=\"column\" data-e-type=\"column\">\n\t\t\t<div class=\"elementor-widget-wrap elementor-element-populated\">\n\t\t\t\t\t\t<div class=\"elementor-element elementor-element-6b70745c elementor-widget elementor-widget-image\" data-id=\"6b70745c\" data-element_type=\"widget\" data-e-type=\"widget\" data-widget_type=\"image.default\">\n\t\t\t\t<div class=\"elementor-widget-container\">\n\t\t\t\t\t\t\t\t\t\t\t\t\t\t\t<img decoding=\"async\" width=\"700\" height=\"500\" src=\"https:\/\/sarlflanquart-espacesverts.fr\/wp-content\/uploads\/2025\/07\/img-zone8.jpg\" class=\"attachment-full size-full wp-image-2780\" alt=\"\" srcset=\"https:\/\/sarlflanquart-espacesverts.fr\/wp-content\/uploads\/2025\/07\/img-zone8.jpg 700w, https:\/\/sarlflanquart-espacesverts.fr\/wp-content\/uploads\/2025\/07\/img-zone8-300x214.jpg 300w\" sizes=\"(max-width: 700px) 100vw, 700px\" \/>\t\t\t\t\t\t\t\t\t\t\t\t\t\t\t<\/div>\n\t\t\t\t<\/div>\n\t\t\t\t\t<\/div>\n\t\t<\/div>\n\t\t\t\t<div class=\"elementor-column elementor-col-50 elementor-top-column elementor-element elementor-element-4bdaf145\" data-id=\"4bdaf145\" data-element_type=\"column\" data-e-type=\"column\">\n\t\t\t<div class=\"elementor-widget-wrap elementor-element-populated\">\n\t\t\t\t\t\t<div class=\"elementor-element elementor-element-1f283c9c animated-slow elementor-invisible elementor-widget elementor-widget-heading\" data-id=\"1f283c9c\" data-element_type=\"widget\" data-e-type=\"widget\" data-settings=\"{&quot;_animation&quot;:&quot;fadeIn&quot;}\" data-widget_type=\"heading.default\">\n\t\t\t\t<div class=\"elementor-widget-container\">\n\t\t\t\t\t<div class=\"elementor-heading-title elementor-size-default\">Pose de Gazon en Rouleau<\/div>\t\t\t\t<\/div>\n\t\t\t\t<\/div>\n\t\t\t\t<div class=\"elementor-element elementor-element-7da54906 elementor-widget elementor-widget-text-editor\" data-id=\"7da54906\" data-element_type=\"widget\" data-e-type=\"widget\" data-widget_type=\"text-editor.default\">\n\t\t\t\t<div class=\"elementor-widget-container\">\n\t\t\t\t\t\t\t\t\t<p>Pour un rendu imm\u00e9diat et une pelouse impeccable \u00e0 Li\u00e9vin, optez pour la pose de gazon en rouleau. Nous pr\u00e9parons le sol avec soin, r\u00e9alisons la mise \u00e0 niveau et installons un gazon dense, r\u00e9sistant et sans mauvaises herbes. Cette solution s\u00e9duit de nombreux clients pour un ext\u00e9rieur valoris\u00e9 en un temps record.<\/p>\t\t\t\t\t\t\t\t<\/div>\n\t\t\t\t<\/div>\n\t\t\t\t\t<\/div>\n\t\t<\/div>\n\t\t\t\t\t<\/div>\n\t\t<\/section>\n\t\t\t\t<section class=\"elementor-section elementor-top-section elementor-element elementor-element-bcfcf7e elementor-section-height-min-height elementor-section-stretched elementor-section-boxed elementor-section-height-default elementor-section-items-middle wpr-particle-no wpr-jarallax-no wpr-parallax-no wpr-sticky-section-no wpr-equal-height-no\" data-id=\"bcfcf7e\" data-element_type=\"section\" data-e-type=\"section\" data-settings=\"{&quot;stretch_section&quot;:&quot;section-stretched&quot;,&quot;background_background&quot;:&quot;classic&quot;}\">\n\t\t\t\t\t\t\t<div class=\"elementor-background-overlay\"><\/div>\n\t\t\t\t\t\t\t<div class=\"elementor-container elementor-column-gap-default\">\n\t\t\t\t\t<div class=\"elementor-column elementor-col-100 elementor-top-column elementor-element elementor-element-6e37dd63\" data-id=\"6e37dd63\" data-element_type=\"column\" data-e-type=\"column\">\n\t\t\t<div class=\"elementor-widget-wrap elementor-element-populated\">\n\t\t\t\t\t\t<div class=\"elementor-element elementor-element-6f314698 elementor-invisible elementor-widget elementor-widget-heading\" data-id=\"6f314698\" data-element_type=\"widget\" data-e-type=\"widget\" data-settings=\"{&quot;_animation&quot;:&quot;fadeInUp&quot;}\" data-widget_type=\"heading.default\">\n\t\t\t\t<div class=\"elementor-widget-container\">\n\t\t\t\t\t<span class=\"elementor-heading-title elementor-size-default\">Contactez-nous<\/span>\t\t\t\t<\/div>\n\t\t\t\t<\/div>\n\t\t\t\t<div class=\"elementor-element elementor-element-459b1c62 elementor-widget-divider--view-line elementor-widget elementor-widget-divider\" data-id=\"459b1c62\" data-element_type=\"widget\" data-e-type=\"widget\" data-widget_type=\"divider.default\">\n\t\t\t\t<div class=\"elementor-widget-container\">\n\t\t\t\t\t\t\t<div class=\"elementor-divider\">\n\t\t\t<span class=\"elementor-divider-separator\">\n\t\t\t\t\t\t<\/span>\n\t\t<\/div>\n\t\t\t\t\t\t<\/div>\n\t\t\t\t<\/div>\n\t\t\t\t<div class=\"elementor-element elementor-element-7c626318 elementor-widget elementor-widget-text-editor\" data-id=\"7c626318\" data-element_type=\"widget\" data-e-type=\"widget\" data-widget_type=\"text-editor.default\">\n\t\t\t\t<div class=\"elementor-widget-container\">\n\t\t\t\t\t\t\t\t\t<p>Flanquart Services Espaces Verts, c\u2019est la garantie d\u2019un service rapide, d\u2019un devis gratuit sous 24h et de la possibilit\u00e9 de b\u00e9n\u00e9ficier du cr\u00e9dit d\u2019imp\u00f4t sur l\u2019entretien de jardin. Faites confiance \u00e0 une \u00e9quipe passionn\u00e9e et \u00e0 l\u2019\u00e9coute de vos besoins pour sublimer vos espaces verts \u00e0 Li\u00e9vin et dans les environs.<\/p>\t\t\t\t\t\t\t\t<\/div>\n\t\t\t\t<\/div>\n\t\t\t\t\t<\/div>\n\t\t<\/div>\n\t\t\t\t\t<\/div>\n\t\t<\/section>\n\t\t\t\t<\/div>\n\t\t","protected":false},"excerpt":{"rendered":"<p>Paysagiste \u00e0 Li\u00e9vin Flanquart Services Espaces Verts, paysagiste \u00e0 Li\u00e9vin Chez Flanquart Services Espaces Verts, nous mettons \u00e0 votre disposition notre expertise de paysagiste \u00e0 Li\u00e9vin et dans les communes voisines, notamment \u00e0 Angres, Souchez et Givenchy-en-Gohelle. Notre \u00e9quipe propose des solutions personnalis\u00e9es pour particuliers et professionnels : entretien de<\/p>\n","protected":false},"author":38,"featured_media":0,"parent":2283,"menu_order":0,"comment_status":"closed","ping_status":"closed","template":"","meta":{"footnotes":""},"class_list":["post-2290","page","type-page","status-publish","hentry"],"aioseo_notices":[],"_links":{"self":[{"href":"https:\/\/sarlflanquart-espacesverts.fr\/nov-apijson\/wp\/v2\/pages\/2290","targetHints":{"allow":["GET"]}}],"collection":[{"href":"https:\/\/sarlflanquart-espacesverts.fr\/nov-apijson\/wp\/v2\/pages"}],"about":[{"href":"https:\/\/sarlflanquart-espacesverts.fr\/nov-apijson\/wp\/v2\/types\/page"}],"author":[{"embeddable":true,"href":"https:\/\/sarlflanquart-espacesverts.fr\/nov-apijson\/wp\/v2\/users\/38"}],"replies":[{"embeddable":true,"href":"https:\/\/sarlflanquart-espacesverts.fr\/nov-apijson\/wp\/v2\/comments?post=2290"}],"version-history":[{"count":16,"href":"https:\/\/sarlflanquart-espacesverts.fr\/nov-apijson\/wp\/v2\/pages\/2290\/revisions"}],"predecessor-version":[{"id":2789,"href":"https:\/\/sarlflanquart-espacesverts.fr\/nov-apijson\/wp\/v2\/pages\/2290\/revisions\/2789"}],"up":[{"embeddable":true,"href":"https:\/\/sarlflanquart-espacesverts.fr\/nov-apijson\/wp\/v2\/pages\/2283"}],"wp:attachment":[{"href":"https:\/\/sarlflanquart-espacesverts.fr\/nov-apijson\/wp\/v2\/media?parent=2290"}],"curies":[{"name":"wp","href":"https:\/\/api.w.org\/{rel}","templated":true}]}}